{"id":38298,"date":"2025-08-03T18:13:17","date_gmt":"2025-08-03T18:13:17","guid":{"rendered":"https:\/\/guineechrono.com\/index.php\/front-page\/"},"modified":"2025-11-04T21:04:14","modified_gmt":"2025-11-04T20:04:14","slug":"front-page","status":"publish","type":"page","link":"https:\/\/guineechrono.com\/","title":{"rendered":"guineechrono"},"content":{"rendered":"\t\t<div data-elementor-type=\"wp-page\" data-elementor-id=\"38298\" class=\"elementor elementor-38298\" data-elementor-post-type=\"page\">\n\t\t\t\t\t\t<section class=\"elementor-section elementor-top-section elementor-element elementor-element-d27a4d0 elementor-section-boxed elementor-section-height-default elementor-section-height-default\" data-id=\"d27a4d0\" data-element_type=\"section\">\n\t\t\t\t\t\t<div class=\"elementor-container elementor-column-gap-default\">\n\t\t\t\t\t<div class=\"elementor-column elementor-col-100 elementor-top-column elementor-element elementor-element-6e7b45ed\" data-id=\"6e7b45ed\" data-element_type=\"column\">\n\t\t\t<div class=\"elementor-widget-wrap elementor-element-populated\">\n\t\t\t\t\t\t<div class=\"elementor-element elementor-element-f68d855 elementor-widget elementor-widget-newsy_grid_7\" data-id=\"f68d855\" data-element_type=\"widget\" data-widget_type=\"newsy_grid_7.default\">\n\t\t\t\t<div class=\"elementor-widget-container\">\n\t\t\t\t\t<div class=\"ak-block ak-block-grid ak-block-grid-7   ak-block-width-1 clearfix tg-colored tg-focus\" id=\"block_69f0ab5d3ce18_1\"><div class=\"ak-block-inner clearfix\"><div class=\"ak-block-posts clearfix\">\t\t<article class=\"ak-module ak-module-grid ak-module-grid-small ak-block-item-1 clearfix post-40205 post type-post status-publish format-standard has-post-thumbnail  category-featured category-news category-societe\">\n\t\t\t<div class=\"ak-module-inner clearfix\">\n\t\t\t\t<div class=\"ak-module-grid-wrap\">\n\t\t\t\t\t<div class=\"ak-module-featured\">\n\t\t\t\t\t<div class=\"ak-module-badges\"><\/div>\t\t\t\t\t\t\t\t\t\t<div class=\"ak-featured-cover\"><a href=\"https:\/\/guineechrono.com\/index.php\/guinee-lancement-officiel-du-groupe-media-afrique-environnement-une-nouvelle-voix-panafricaine-pour-lecologie-et-les-17-odd-2\/\" class=\"ak-featured-link\" rel=\"bookmark\" title=\"Guin\u00e9e : Lancement officiel du Groupe M\u00e9dia Afrique Environnement : une nouvelle voix panafricaine pour l\u2019\u00e9cologie et les 17 ODD.\"><div class=\"ak-featured-thumb lazy-thumb background-thumb  size-715\">\n                        <div class=\"lazyload\" title=\"Guin\u00e9e : Lancement officiel du Groupe M\u00e9dia Afrique Environnement : une nouvelle voix panafricaine pour l\u2019\u00e9cologie et les 17 ODD.\" data-bgset=\"https:\/\/guineechrono.com\/wp-content\/uploads\/2026\/04\/IMG-20260427-WA0094-350x250.jpg 800w\" ><\/div>\n                      <\/div><\/a><\/div>\t\t\t\t\t<\/div>\n\t\t\t\t\t<div class=\"ak-module-details\">\n\t\t\t\t\t\t<div class=\"ak-module-terms inline_badge\"><a class=\"term-2\" href=\"https:\/\/guineechrono.com\/index.php\/category\/featured\/\">Featured<\/a><\/div>\n\t\t\t\t\t\t<h3 class=\"ak-module-title\"><a href=\"https:\/\/guineechrono.com\/index.php\/guinee-lancement-officiel-du-groupe-media-afrique-environnement-une-nouvelle-voix-panafricaine-pour-lecologie-et-les-17-odd-2\/\" rel=\"bookmark\" title=\"Guin\u00e9e : Lancement officiel du Groupe M\u00e9dia Afrique Environnement : une nouvelle voix panafricaine pour l\u2019\u00e9cologie et les 17 ODD.\">Guin\u00e9e : Lancement officiel du Groupe M\u00e9dia Afrique&hellip;<\/a><\/h3>\n\t\t\t\t\t\t<div class=\"ak-module-meta\"><div class=\"ak-module-time\"><a href=\"https:\/\/guineechrono.com\/index.php\/guinee-lancement-officiel-du-groupe-media-afrique-environnement-une-nouvelle-voix-panafricaine-pour-lecologie-et-les-17-odd-2\/\" class=\"ak-module-meta-published\"><i class=\"ak-icon akfi-schedule\"><\/i>27 avril 2026<\/a><\/div> <div class=\"ak-module-view-count\"><i class=\"ak-icon  fa fa-eye\"><\/i><span class=\"count\">3<\/span><\/div><\/div>\t\t\t\t\t<\/div>\n\t\t\t\t<\/div>\n\t\t\t<\/div>\n\t\t<\/article>\n\t\t\t\t<article class=\"ak-module ak-module-grid ak-module-grid-small ak-block-item-2 clearfix post-40202 post type-post status-publish format-standard has-post-thumbnail  category-sante\">\n\t\t\t<div class=\"ak-module-inner clearfix\">\n\t\t\t\t<div class=\"ak-module-grid-wrap\">\n\t\t\t\t\t<div class=\"ak-module-featured\">\n\t\t\t\t\t<div class=\"ak-module-badges\"><\/div>\t\t\t\t\t\t\t\t\t\t<div class=\"ak-featured-cover\"><a href=\"https:\/\/guineechrono.com\/index.php\/sante-lambassadeur-mamadou-bhoye-balde-participe-au-troisieme-forum-medical-international-de-new-york\/\" class=\"ak-featured-link\" rel=\"bookmark\" title=\"Sant\u00e9 : l\u2019Ambassadeur Mamadou Bhoye Bald\u00e9 participe au troisi\u00e8me Forum M\u00e9dical International de New York\"><div class=\"ak-featured-thumb lazy-thumb background-thumb  size-715\">\n                        <div class=\"lazyload\" title=\"Sant\u00e9 : l\u2019Ambassadeur Mamadou Bhoye Bald\u00e9 au 3\u1d49 Forum M\u00e9dical International de New York\" data-bgset=\"https:\/\/guineechrono.com\/wp-content\/uploads\/2026\/04\/1777305182003-350x250.jpg 800w\" ><\/div>\n                      <\/div><\/a><\/div>\t\t\t\t\t<\/div>\n\t\t\t\t\t<div class=\"ak-module-details\">\n\t\t\t\t\t\t<div class=\"ak-module-terms inline_badge\"><a class=\"term-52\" href=\"https:\/\/guineechrono.com\/index.php\/category\/sante\/\">Sant\u00e9<\/a><\/div>\n\t\t\t\t\t\t<h3 class=\"ak-module-title\"><a href=\"https:\/\/guineechrono.com\/index.php\/sante-lambassadeur-mamadou-bhoye-balde-participe-au-troisieme-forum-medical-international-de-new-york\/\" rel=\"bookmark\" title=\"Sant\u00e9 : l\u2019Ambassadeur Mamadou Bhoye Bald\u00e9 participe au troisi\u00e8me Forum M\u00e9dical International de New York\">Sant\u00e9 : l\u2019Ambassadeur Mamadou Bhoye Bald\u00e9 participe au&hellip;<\/a><\/h3>\n\t\t\t\t\t\t<div class=\"ak-module-meta\"><div class=\"ak-module-time\"><a href=\"https:\/\/guineechrono.com\/index.php\/sante-lambassadeur-mamadou-bhoye-balde-participe-au-troisieme-forum-medical-international-de-new-york\/\" class=\"ak-module-meta-published\"><i class=\"ak-icon akfi-schedule\"><\/i>27 avril 2026<\/a><\/div> <div class=\"ak-module-view-count\"><i class=\"ak-icon  fa fa-eye\"><\/i><span class=\"count\">3<\/span><\/div><\/div>\t\t\t\t\t<\/div>\n\t\t\t\t<\/div>\n\t\t\t<\/div>\n\t\t<\/article>\n\t\t\t\t<article class=\"ak-module ak-module-grid ak-module-grid-small ak-block-item-3 clearfix post-40195 post type-post status-publish format-standard has-post-thumbnail  category-news\">\n\t\t\t<div class=\"ak-module-inner clearfix\">\n\t\t\t\t<div class=\"ak-module-grid-wrap\">\n\t\t\t\t\t<div class=\"ak-module-featured\">\n\t\t\t\t\t<div class=\"ak-module-badges\"><\/div>\t\t\t\t\t\t\t\t\t\t<div class=\"ak-featured-cover\"><a href=\"https:\/\/guineechrono.com\/index.php\/communique-de-presse-celebration-de-la-journee-internationale-de-la-liberte-de-la-presse-03-mai-2026\/\" class=\"ak-featured-link\" rel=\"bookmark\" title=\"Communiqu\u00e9 de presse : C\u00e9l\u00e9bration de la Journ\u00e9e Internationale de la Libert\u00e9 de la Presse 03 mai 2026\"><div class=\"ak-featured-thumb lazy-thumb background-thumb  size-715\">\n                        <div class=\"lazyload\" title=\"Communiqu\u00e9 de presse : C\u00e9l\u00e9bration de la Journ\u00e9e Internationale de la Libert\u00e9 de la Presse 03 mai 2026\" data-bgset=\"https:\/\/guineechrono.com\/wp-content\/uploads\/2026\/04\/maison-de-la-presse-350x250.webp 800w\" ><\/div>\n                      <\/div><\/a><\/div>\t\t\t\t\t<\/div>\n\t\t\t\t\t<div class=\"ak-module-details\">\n\t\t\t\t\t\t<div class=\"ak-module-terms inline_badge\"><a class=\"term-42\" href=\"https:\/\/guineechrono.com\/index.php\/category\/news\/\">NEWS<\/a><\/div>\n\t\t\t\t\t\t<h3 class=\"ak-module-title\"><a href=\"https:\/\/guineechrono.com\/index.php\/communique-de-presse-celebration-de-la-journee-internationale-de-la-liberte-de-la-presse-03-mai-2026\/\" rel=\"bookmark\" title=\"Communiqu\u00e9 de presse : C\u00e9l\u00e9bration de la Journ\u00e9e Internationale de la Libert\u00e9 de la Presse 03 mai 2026\">Communiqu\u00e9 de presse : C\u00e9l\u00e9bration de la Journ\u00e9e&hellip;<\/a><\/h3>\n\t\t\t\t\t\t<div class=\"ak-module-meta\"><div class=\"ak-module-time\"><a href=\"https:\/\/guineechrono.com\/index.php\/communique-de-presse-celebration-de-la-journee-internationale-de-la-liberte-de-la-presse-03-mai-2026\/\" class=\"ak-module-meta-published\"><i class=\"ak-icon akfi-schedule\"><\/i>27 avril 2026<\/a><\/div><\/div>\t\t\t\t\t<\/div>\n\t\t\t\t<\/div>\n\t\t\t<\/div>\n\t\t<\/article>\n\t\t\t\t<article class=\"ak-module ak-module-grid ak-module-grid-small ak-block-item-4 clearfix post-40192 post type-post status-publish format-standard has-post-thumbnail  category-societe\">\n\t\t\t<div class=\"ak-module-inner clearfix\">\n\t\t\t\t<div class=\"ak-module-grid-wrap\">\n\t\t\t\t\t<div class=\"ak-module-featured\">\n\t\t\t\t\t<div class=\"ak-module-badges\"><\/div>\t\t\t\t\t\t\t\t\t\t<div class=\"ak-featured-cover\"><a href=\"https:\/\/guineechrono.com\/index.php\/guinee-lancement-officiel-du-groupe-media-afrique-environnement-une-nouvelle-voix-panafricaine-pour-lecologie-et-les-17-odd\/\" class=\"ak-featured-link\" rel=\"bookmark\" title=\"Guin\u00e9e\/lancement officiel du Groupe M\u00e9dia Afrique Environnement, une nouvelle voix panafricaine pour l\u2019\u00e9cologie et les 17 ODD\"><div class=\"ak-featured-thumb lazy-thumb background-thumb  size-715\">\n                        <div class=\"lazyload\" title=\"Guin\u00e9e\/lancement officiel du Groupe M\u00e9dia Afrique Environnement, une nouvelle voix panafricaine pour l\u2019\u00e9cologie et les 17 ODD\" data-bgset=\"https:\/\/guineechrono.com\/wp-content\/uploads\/2026\/04\/IMG-20260426-WA0269-350x250.jpg 800w\" ><\/div>\n                      <\/div><\/a><\/div>\t\t\t\t\t<\/div>\n\t\t\t\t\t<div class=\"ak-module-details\">\n\t\t\t\t\t\t<div class=\"ak-module-terms inline_badge\"><a class=\"term-46\" href=\"https:\/\/guineechrono.com\/index.php\/category\/societe\/\">SOCI\u00c9T\u00c9<\/a><\/div>\n\t\t\t\t\t\t<h3 class=\"ak-module-title\"><a href=\"https:\/\/guineechrono.com\/index.php\/guinee-lancement-officiel-du-groupe-media-afrique-environnement-une-nouvelle-voix-panafricaine-pour-lecologie-et-les-17-odd\/\" rel=\"bookmark\" title=\"Guin\u00e9e\/lancement officiel du Groupe M\u00e9dia Afrique Environnement, une nouvelle voix panafricaine pour l\u2019\u00e9cologie et les 17 ODD\">Guin\u00e9e\/lancement officiel du Groupe M\u00e9dia Afrique&hellip;<\/a><\/h3>\n\t\t\t\t\t\t<div class=\"ak-module-meta\"><div class=\"ak-module-time\"><a href=\"https:\/\/guineechrono.com\/index.php\/guinee-lancement-officiel-du-groupe-media-afrique-environnement-une-nouvelle-voix-panafricaine-pour-lecologie-et-les-17-odd\/\" class=\"ak-module-meta-published\"><i class=\"ak-icon akfi-schedule\"><\/i>27 avril 2026<\/a><\/div> <div class=\"ak-module-view-count\"><i class=\"ak-icon  fa fa-eye\"><\/i><span class=\"count\">3<\/span><\/div><\/div>\t\t\t\t\t<\/div>\n\t\t\t\t<\/div>\n\t\t\t<\/div>\n\t\t<\/article>\n\t\t<\/div><\/div><\/div>\t\t\t\t<\/div>\n\t\t\t\t<\/div>\n\t\t\t\t<div class=\"elementor-element elementor-element-9c380c0 elementor-widget elementor-widget-image\" data-id=\"9c380c0\" data-element_type=\"widget\" data-widget_type=\"image.default\">\n\t\t\t\t<div class=\"elementor-widget-container\">\n\t\t\t\t\t\t\t\t\t\t\t\t\t\t\t<img fetchpriority=\"high\" decoding=\"async\" width=\"768\" height=\"337\" src=\"https:\/\/guineechrono.com\/wp-content\/uploads\/2025\/11\/1762111901010.jpeg\" class=\"attachment-large size-large wp-image-38352\" alt=\"\" srcset=\"https:\/\/guineechrono.com\/wp-content\/uploads\/2025\/11\/1762111901010.jpeg 820w, https:\/\/guineechrono.com\/wp-content\/uploads\/2025\/11\/1762111901010-300x132.jpeg 300w, https:\/\/guineechrono.com\/wp-content\/uploads\/2025\/11\/1762111901010-768x337.jpeg 768w, https:\/\/guineechrono.com\/wp-content\/uploads\/2025\/11\/1762111901010-750x329.jpeg 750w\" sizes=\"(max-width: 768px) 100vw, 768px\" \/>\t\t\t\t\t\t\t\t\t\t\t\t\t\t\t<\/div>\n\t\t\t\t<\/div>\n\t\t\t\t\t<\/div>\n\t\t<\/div>\n\t\t\t\t\t<\/div>\n\t\t<\/section>\n\t\t\t\t<section class=\"elementor-section elementor-top-section elementor-element elementor-element-65a696da elementor-section-height-min-height elementor-section-items-top elementor-section-boxed elementor-section-height-default\" data-id=\"65a696da\" data-element_type=\"section\">\n\t\t\t\t\t\t<div class=\"elementor-container elementor-column-gap-extended\">\n\t\t\t\t\t<div class=\"elementor-column elementor-col-100 elementor-top-column elementor-element elementor-element-6a3a8ea6\" data-id=\"6a3a8ea6\" data-element_type=\"column\">\n\t\t\t<div class=\"elementor-widget-wrap elementor-element-populated\">\n\t\t\t\t\t\t<div class=\"elementor-element elementor-element-e8954d2 elementor-widget elementor-widget-newsy_list_1\" data-id=\"e8954d2\" data-element_type=\"widget\" data-widget_type=\"newsy_list_1.default\">\n\t\t\t\t<div class=\"elementor-widget-container\">\n\t\t\t\t\t<div class=\"ak-block ak-block-list-1  ak-block-numeric-style-4 ak-block-width-3 ak-pagination-container  clearfix\" id=\"block_69f0ab5d3ce18_2\"><style scoped>#block_69f0ab5d3ce18_2 .ak-block-header {--ak-block-header-bg-color:#FF0808;--ak-block-title-icon-color:#F4F4F4;}#block_69f0ab5d3ce18_2:not(.ak-block-width-1) .ak-block-posts { margin-right: -7px; }#block_69f0ab5d3ce18_2 .ak-block-posts .ak-module{ padding-right: 7px; margin-bottom: 7px; }#block_69f0ab5d3ce18_2.ak-block-module-seperator-line .ak-module-inner{ padding-bottom: 7px; }<\/style><div class=\"ak-block-header ak-block-header-style-10\"><h4 class=\"ak-block-title\"><span class=\"title-text\"><i class=\"ak-icon  fa fa-envelope-o\"><\/i><span>Derni\u00e8res minutes<\/span><\/span><\/h4><div class=\"ak-block-tabs ak-menu-more-enabled\"><ul class=\"ak-menu ak-menu-wide\"><li class=\"menu-item\"><a href=\"#\" class=\"ak-tab-btn active\" data-tab-id=\"block_69f0ab5d3ce18_2\" data-filter=\"\" data-filter-value=\"\">All<\/a><\/li><li class=\"menu-item\"><a href=\"#\" class=\"ak-tab-btn term-31\" data-tab-id=\"tab_69f0ab5d3ce18_3\" data-filter=\"category\" data-filter-value=\"31\">REPORTAGE<\/a><\/li><li class=\"menu-item\"><a href=\"#\" class=\"ak-tab-btn term-42\" data-tab-id=\"tab_69f0ab5d3ce18_4\" data-filter=\"category\" data-filter-value=\"42\">NEWS<\/a><\/li><li class=\"menu-item\"><a href=\"#\" class=\"ak-tab-btn term-43\" data-tab-id=\"tab_69f0ab5d3ce18_5\" data-filter=\"category\" data-filter-value=\"43\">POLITIQUE<\/a><\/li><li class=\"menu-item\"><a href=\"#\" class=\"ak-tab-btn term-44\" data-tab-id=\"tab_69f0ab5d3ce18_6\" data-filter=\"category\" data-filter-value=\"44\">ECONOMIE<\/a><\/li><li class=\"menu-item\"><a href=\"#\" class=\"ak-tab-btn term-45\" data-tab-id=\"tab_69f0ab5d3ce18_7\" data-filter=\"category\" data-filter-value=\"45\">SPORT<\/a><\/li><li class=\"menu-item\"><a href=\"#\" class=\"ak-tab-btn term-46\" data-tab-id=\"tab_69f0ab5d3ce18_8\" data-filter=\"category\" data-filter-value=\"46\">SOCI\u00c9T\u00c9<\/a><\/li><li class=\"menu-item\"><a href=\"#\" class=\"ak-tab-btn term-47\" data-tab-id=\"tab_69f0ab5d3ce18_9\" data-filter=\"category\" data-filter-value=\"47\">CULTURE<\/a><\/li><\/ul><\/div><\/div><div class=\"ak-block-inner clearfix\"><div class=\"ak-block-posts clearfix\">\t\t<article class=\"ak-module ak-module-1 clearfix post-40205 post type-post status-publish format-standard has-post-thumbnail  category-featured category-news category-societe\">\n\t\t\t<div class=\"ak-module-inner clearfix\">\n\t\t\t\t<div class=\"ak-module-featured\">\n\t\t\t\t\t<div class=\"ak-module-badges\"><\/div><div class=\"ak-featured-cover\"><a href=\"https:\/\/guineechrono.com\/index.php\/guinee-lancement-officiel-du-groupe-media-afrique-environnement-une-nouvelle-voix-panafricaine-pour-lecologie-et-les-17-odd-2\/\" class=\"ak-featured-link\" rel=\"bookmark\" title=\"Guin\u00e9e : Lancement officiel du Groupe M\u00e9dia Afrique Environnement : une nouvelle voix panafricaine pour l\u2019\u00e9cologie et les 17 ODD.\"><div class=\"ak-featured-thumb lazy-thumb size-715\" ><img decoding=\"async\" width=\"350\" height=\"250\" src=\"data:image\/gif;base64,R0lGODlhAQABAAAAACH5BAEKAAEALAAAAAABAAEAAAICTAEAOw==\" class=\"attachment-newsy_350x250 size-newsy_350x250 lazyload wp-post-image\" alt=\"Guin\u00e9e : Lancement officiel du Groupe M\u00e9dia Afrique Environnement : une nouvelle voix panafricaine pour l\u2019\u00e9cologie et les 17 ODD.\" data-src=\"https:\/\/guineechrono.com\/wp-content\/uploads\/2026\/04\/IMG-20260427-WA0094-350x250.jpg\" data-sizes=\"auto\" data-srcset=\"https:\/\/guineechrono.com\/wp-content\/uploads\/2026\/04\/IMG-20260427-WA0094-350x250.jpg 350w, https:\/\/guineechrono.com\/wp-content\/uploads\/2026\/04\/IMG-20260427-WA0094-120x86.jpg 120w, https:\/\/guineechrono.com\/wp-content\/uploads\/2026\/04\/IMG-20260427-WA0094-750x536.jpg 750w\" data-expand=\"700\" \/><\/div><\/a><\/div><div class=\"ak-module-terms badge\"><a class=\"term-2\" href=\"https:\/\/guineechrono.com\/index.php\/category\/featured\/\">Featured<\/a><\/div>\t\t\t\t<\/div>\n\t\t\t\t<div class=\"ak-module-details\">\n\t\t\t\t\t<h3 class=\"ak-module-title\"><a href=\"https:\/\/guineechrono.com\/index.php\/guinee-lancement-officiel-du-groupe-media-afrique-environnement-une-nouvelle-voix-panafricaine-pour-lecologie-et-les-17-odd-2\/\" rel=\"bookmark\" title=\"Guin\u00e9e : Lancement officiel du Groupe M\u00e9dia Afrique Environnement : une nouvelle voix panafricaine pour l\u2019\u00e9cologie et les 17 ODD.\">Guin\u00e9e : Lancement officiel du Groupe M\u00e9dia Afrique Environnement : une nouvelle&hellip;<\/a><\/h3><div class=\"ak-module-summary\"><p>En R\u00e9publique de Guin\u00e9e, un nouveau m\u00e9dia panafricain sp\u00e9cialis\u00e9 dans le traitement des informations ax\u00e9es sur les 17&hellip;<\/p><\/div><div class=\"ak-module-meta\"><div class=\"ak-module-author\"><a href=\"https:\/\/guineechrono.com\/members\/diasaliou\/\"><img alt='La R\u00e9daction de Guineechrono' src='\/\/www.gravatar.com\/avatar\/bfec2f0e9f9d0d4a8b70d75c8be075bc?s=22&#038;r=g&#038;d=mm' srcset='\/\/www.gravatar.com\/avatar\/bfec2f0e9f9d0d4a8b70d75c8be075bc?s=22&#038;r=g&#038;d=mm 2x' class='avatar avatar-22 photo post-author-avatar' height='22' width='22' \/><\/a>by <a href=\"https:\/\/guineechrono.com\/members\/diasaliou\/\" class=\"ak-module-author-name\">La R\u00e9daction de Guineechrono<\/a><\/div><div class=\"ak-module-time\"><a href=\"https:\/\/guineechrono.com\/index.php\/guinee-lancement-officiel-du-groupe-media-afrique-environnement-une-nouvelle-voix-panafricaine-pour-lecologie-et-les-17-odd-2\/\" class=\"ak-module-meta-published\"><i class=\"ak-icon akfi-schedule\"><\/i>27 avril 2026<\/a><\/div> <div class=\"ak-module-view-count\"><i class=\"ak-icon  fa fa-eye\"><\/i><span class=\"count\">3<\/span><\/div><\/div>\t\t\t\t<\/div>\n\t\t\t<\/div>\n\t\t<\/article>\n\t\t\t\t<article class=\"ak-module ak-module-1 clearfix post-40202 post type-post status-publish format-standard has-post-thumbnail  category-sante\">\n\t\t\t<div class=\"ak-module-inner clearfix\">\n\t\t\t\t<div class=\"ak-module-featured\">\n\t\t\t\t\t<div class=\"ak-module-badges\"><\/div><div class=\"ak-featured-cover\"><a href=\"https:\/\/guineechrono.com\/index.php\/sante-lambassadeur-mamadou-bhoye-balde-participe-au-troisieme-forum-medical-international-de-new-york\/\" class=\"ak-featured-link\" rel=\"bookmark\" title=\"Sant\u00e9 : l\u2019Ambassadeur Mamadou Bhoye Bald\u00e9 participe au troisi\u00e8me Forum M\u00e9dical International de New York\"><div class=\"ak-featured-thumb lazy-thumb size-715\" ><img decoding=\"async\" width=\"350\" height=\"250\" src=\"data:image\/gif;base64,R0lGODlhAQABAAAAACH5BAEKAAEALAAAAAABAAEAAAICTAEAOw==\" class=\"attachment-newsy_350x250 size-newsy_350x250 lazyload wp-post-image\" alt=\"Sant\u00e9 : l\u2019Ambassadeur Mamadou Bhoye Bald\u00e9 au 3\u1d49 Forum M\u00e9dical International de New York\" data-src=\"https:\/\/guineechrono.com\/wp-content\/uploads\/2026\/04\/1777305182003-350x250.jpg\" data-sizes=\"auto\" data-srcset=\"https:\/\/guineechrono.com\/wp-content\/uploads\/2026\/04\/1777305182003-350x250.jpg 350w, https:\/\/guineechrono.com\/wp-content\/uploads\/2026\/04\/1777305182003-120x86.jpg 120w, https:\/\/guineechrono.com\/wp-content\/uploads\/2026\/04\/1777305182003-750x536.jpg 750w\" data-expand=\"700\" \/><\/div><\/a><\/div><div class=\"ak-module-terms badge\"><a class=\"term-52\" href=\"https:\/\/guineechrono.com\/index.php\/category\/sante\/\">Sant\u00e9<\/a><\/div>\t\t\t\t<\/div>\n\t\t\t\t<div class=\"ak-module-details\">\n\t\t\t\t\t<h3 class=\"ak-module-title\"><a href=\"https:\/\/guineechrono.com\/index.php\/sante-lambassadeur-mamadou-bhoye-balde-participe-au-troisieme-forum-medical-international-de-new-york\/\" rel=\"bookmark\" title=\"Sant\u00e9 : l\u2019Ambassadeur Mamadou Bhoye Bald\u00e9 participe au troisi\u00e8me Forum M\u00e9dical International de New York\">Sant\u00e9 : l\u2019Ambassadeur Mamadou Bhoye Bald\u00e9 participe au troisi\u00e8me Forum M\u00e9dical&hellip;<\/a><\/h3><div class=\"ak-module-summary\"><p>L\u2019Ambassadeur Mamadou Bhoye Bald\u00e9 a pris part au 3\u1d49 Forum M\u00e9dical International tenu \u00e0 New York City, une rencontre de&hellip;<\/p><\/div><div class=\"ak-module-meta\"><div class=\"ak-module-author\"><a href=\"https:\/\/guineechrono.com\/members\/diasaliou\/\"><img alt='La R\u00e9daction de Guineechrono' src='\/\/www.gravatar.com\/avatar\/bfec2f0e9f9d0d4a8b70d75c8be075bc?s=22&#038;r=g&#038;d=mm' srcset='\/\/www.gravatar.com\/avatar\/bfec2f0e9f9d0d4a8b70d75c8be075bc?s=22&#038;r=g&#038;d=mm 2x' class='avatar avatar-22 photo post-author-avatar' height='22' width='22' \/><\/a>by <a href=\"https:\/\/guineechrono.com\/members\/diasaliou\/\" class=\"ak-module-author-name\">La R\u00e9daction de Guineechrono<\/a><\/div><div class=\"ak-module-time\"><a href=\"https:\/\/guineechrono.com\/index.php\/sante-lambassadeur-mamadou-bhoye-balde-participe-au-troisieme-forum-medical-international-de-new-york\/\" class=\"ak-module-meta-published\"><i class=\"ak-icon akfi-schedule\"><\/i>27 avril 2026<\/a><\/div> <div class=\"ak-module-view-count\"><i class=\"ak-icon  fa fa-eye\"><\/i><span class=\"count\">3<\/span><\/div><\/div>\t\t\t\t<\/div>\n\t\t\t<\/div>\n\t\t<\/article>\n\t\t\t\t<article class=\"ak-module ak-module-1 clearfix post-40195 post type-post status-publish format-standard has-post-thumbnail  category-news\">\n\t\t\t<div class=\"ak-module-inner clearfix\">\n\t\t\t\t<div class=\"ak-module-featured\">\n\t\t\t\t\t<div class=\"ak-module-badges\"><\/div><div class=\"ak-featured-cover\"><a href=\"https:\/\/guineechrono.com\/index.php\/communique-de-presse-celebration-de-la-journee-internationale-de-la-liberte-de-la-presse-03-mai-2026\/\" class=\"ak-featured-link\" rel=\"bookmark\" title=\"Communiqu\u00e9 de presse : C\u00e9l\u00e9bration de la Journ\u00e9e Internationale de la Libert\u00e9 de la Presse 03 mai 2026\"><div class=\"ak-featured-thumb lazy-thumb size-715\" ><img loading=\"lazy\" decoding=\"async\" width=\"350\" height=\"250\" src=\"data:image\/gif;base64,R0lGODlhAQABAAAAACH5BAEKAAEALAAAAAABAAEAAAICTAEAOw==\" class=\"attachment-newsy_350x250 size-newsy_350x250 lazyload wp-post-image\" alt=\"Communiqu\u00e9 de presse : C\u00e9l\u00e9bration de la Journ\u00e9e Internationale de la Libert\u00e9 de la Presse 03 mai 2026\" data-src=\"https:\/\/guineechrono.com\/wp-content\/uploads\/2026\/04\/maison-de-la-presse-350x250.webp\" data-sizes=\"auto\" data-srcset=\"https:\/\/guineechrono.com\/wp-content\/uploads\/2026\/04\/maison-de-la-presse-350x250.webp 350w, https:\/\/guineechrono.com\/wp-content\/uploads\/2026\/04\/maison-de-la-presse-120x86.webp 120w\" data-expand=\"700\" \/><\/div><\/a><\/div><div class=\"ak-module-terms badge\"><a class=\"term-42\" href=\"https:\/\/guineechrono.com\/index.php\/category\/news\/\">NEWS<\/a><\/div>\t\t\t\t<\/div>\n\t\t\t\t<div class=\"ak-module-details\">\n\t\t\t\t\t<h3 class=\"ak-module-title\"><a href=\"https:\/\/guineechrono.com\/index.php\/communique-de-presse-celebration-de-la-journee-internationale-de-la-liberte-de-la-presse-03-mai-2026\/\" rel=\"bookmark\" title=\"Communiqu\u00e9 de presse : C\u00e9l\u00e9bration de la Journ\u00e9e Internationale de la Libert\u00e9 de la Presse 03 mai 2026\">Communiqu\u00e9 de presse : C\u00e9l\u00e9bration de la Journ\u00e9e Internationale de la Libert\u00e9 de&hellip;<\/a><\/h3><div class=\"ak-module-summary\"><p>Sous le Haut Patronage de Son Excellence Monsieur le Pr\u00e9sident de la R\u00e9publique, Mamadi Doumbouya La Maison de la&hellip;<\/p><\/div><div class=\"ak-module-meta\"><div class=\"ak-module-author\"><a href=\"https:\/\/guineechrono.com\/members\/diasaliou\/\"><img alt='La R\u00e9daction de Guineechrono' src='\/\/www.gravatar.com\/avatar\/bfec2f0e9f9d0d4a8b70d75c8be075bc?s=22&#038;r=g&#038;d=mm' srcset='\/\/www.gravatar.com\/avatar\/bfec2f0e9f9d0d4a8b70d75c8be075bc?s=22&#038;r=g&#038;d=mm 2x' class='avatar avatar-22 photo post-author-avatar' height='22' width='22' \/><\/a>by <a href=\"https:\/\/guineechrono.com\/members\/diasaliou\/\" class=\"ak-module-author-name\">La R\u00e9daction de Guineechrono<\/a><\/div><div class=\"ak-module-time\"><a href=\"https:\/\/guineechrono.com\/index.php\/communique-de-presse-celebration-de-la-journee-internationale-de-la-liberte-de-la-presse-03-mai-2026\/\" class=\"ak-module-meta-published\"><i class=\"ak-icon akfi-schedule\"><\/i>27 avril 2026<\/a><\/div><\/div>\t\t\t\t<\/div>\n\t\t\t<\/div>\n\t\t<\/article>\n\t\t\t\t<article class=\"ak-module ak-module-1 clearfix post-40192 post type-post status-publish format-standard has-post-thumbnail  category-societe\">\n\t\t\t<div class=\"ak-module-inner clearfix\">\n\t\t\t\t<div class=\"ak-module-featured\">\n\t\t\t\t\t<div class=\"ak-module-badges\"><\/div><div class=\"ak-featured-cover\"><a href=\"https:\/\/guineechrono.com\/index.php\/guinee-lancement-officiel-du-groupe-media-afrique-environnement-une-nouvelle-voix-panafricaine-pour-lecologie-et-les-17-odd\/\" class=\"ak-featured-link\" rel=\"bookmark\" title=\"Guin\u00e9e\/lancement officiel du Groupe M\u00e9dia Afrique Environnement, une nouvelle voix panafricaine pour l\u2019\u00e9cologie et les 17 ODD\"><div class=\"ak-featured-thumb lazy-thumb size-715\" ><img loading=\"lazy\" decoding=\"async\" width=\"350\" height=\"250\" src=\"data:image\/gif;base64,R0lGODlhAQABAAAAACH5BAEKAAEALAAAAAABAAEAAAICTAEAOw==\" class=\"attachment-newsy_350x250 size-newsy_350x250 lazyload wp-post-image\" alt=\"Guin\u00e9e\/lancement officiel du Groupe M\u00e9dia Afrique Environnement, une nouvelle voix panafricaine pour l\u2019\u00e9cologie et les 17 ODD\" data-src=\"https:\/\/guineechrono.com\/wp-content\/uploads\/2026\/04\/IMG-20260426-WA0269-350x250.jpg\" data-sizes=\"auto\" data-srcset=\"https:\/\/guineechrono.com\/wp-content\/uploads\/2026\/04\/IMG-20260426-WA0269-350x250.jpg 350w, https:\/\/guineechrono.com\/wp-content\/uploads\/2026\/04\/IMG-20260426-WA0269-120x86.jpg 120w, https:\/\/guineechrono.com\/wp-content\/uploads\/2026\/04\/IMG-20260426-WA0269-750x536.jpg 750w\" data-expand=\"700\" \/><\/div><\/a><\/div><div class=\"ak-module-terms badge\"><a class=\"term-46\" href=\"https:\/\/guineechrono.com\/index.php\/category\/societe\/\">SOCI\u00c9T\u00c9<\/a><\/div>\t\t\t\t<\/div>\n\t\t\t\t<div class=\"ak-module-details\">\n\t\t\t\t\t<h3 class=\"ak-module-title\"><a href=\"https:\/\/guineechrono.com\/index.php\/guinee-lancement-officiel-du-groupe-media-afrique-environnement-une-nouvelle-voix-panafricaine-pour-lecologie-et-les-17-odd\/\" rel=\"bookmark\" title=\"Guin\u00e9e\/lancement officiel du Groupe M\u00e9dia Afrique Environnement, une nouvelle voix panafricaine pour l\u2019\u00e9cologie et les 17 ODD\">Guin\u00e9e\/lancement officiel du Groupe M\u00e9dia Afrique Environnement, une nouvelle voix&hellip;<\/a><\/h3><div class=\"ak-module-summary\"><p>En R\u00e9publique de Guin\u00e9e, un nouveau m\u00e9dia panafricain sp\u00e9cialis\u00e9 dans le traitement des informations ax\u00e9es sur les 17&hellip;<\/p><\/div><div class=\"ak-module-meta\"><div class=\"ak-module-author\"><a href=\"https:\/\/guineechrono.com\/members\/diasaliou\/\"><img alt='La R\u00e9daction de Guineechrono' src='\/\/www.gravatar.com\/avatar\/bfec2f0e9f9d0d4a8b70d75c8be075bc?s=22&#038;r=g&#038;d=mm' srcset='\/\/www.gravatar.com\/avatar\/bfec2f0e9f9d0d4a8b70d75c8be075bc?s=22&#038;r=g&#038;d=mm 2x' class='avatar avatar-22 photo post-author-avatar' height='22' width='22' \/><\/a>by <a href=\"https:\/\/guineechrono.com\/members\/diasaliou\/\" class=\"ak-module-author-name\">La R\u00e9daction de Guineechrono<\/a><\/div><div class=\"ak-module-time\"><a href=\"https:\/\/guineechrono.com\/index.php\/guinee-lancement-officiel-du-groupe-media-afrique-environnement-une-nouvelle-voix-panafricaine-pour-lecologie-et-les-17-odd\/\" class=\"ak-module-meta-published\"><i class=\"ak-icon akfi-schedule\"><\/i>27 avril 2026<\/a><\/div> <div class=\"ak-module-view-count\"><i class=\"ak-icon  fa fa-eye\"><\/i><span class=\"count\">3<\/span><\/div><\/div>\t\t\t\t<\/div>\n\t\t\t<\/div>\n\t\t<\/article>\n\t\t<\/div><script>var ak_pagination_data_block_69f0ab5d3ce18_2 = {\"atts\":{\"title\":\"Derni\\u00e8res minutes\",\"title_size\":\"\",\"title_line_height\":\"\",\"subtitle\":\"\",\"subtitle_size\":\"\",\"subtitle_line_height\":\"\",\"title_url\":\"\",\"title_url_text\":\"\",\"icon\":\"fa-envelope-o\",\"block_accent_color\":\"\",\"header_style\":\"style-10\",\"header_bg_color\":\"#FF0808\",\"header_line_color\":\"\",\"header_title_color\":\"\",\"header_subtitle_color\":\"\",\"header_title_bg_color\":\"\",\"header_icon_color\":\"#F4F4F4\",\"pagination\":\"\",\"show_pagination_label\":\"\",\"infinity_break_count\":\"3\",\"tabs\":\"cat_filter\",\"tabs_all_text\":\"All\",\"tabs_cat_filter\":[\"31\",\"42\",\"43\",\"44\",\"45\",\"46\",\"47\"],\"tabs_tax_filter\":\"\",\"tabs_order_by_filter\":\"\",\"tabs_more_menu\":\"\",\"count\":4,\"offset\":\"\",\"post_type\":\"\",\"post_status\":\"publish\",\"time_filter\":\"\",\"order_by\":\"latest\",\"post_format\":\"\",\"meta_query\":[],\"s\":\"\",\"author\":\"\",\"category\":\"\",\"post\":\"\",\"taxonomy\":\"\",\"taxonomy_relation\":\"\",\"block_width\":\"3\",\"block_id\":\"block_69f0ab5d3ce18_2\",\"block_extra_classes\":\"\",\"custom_enabled\":\"yes\",\"custom_parts\":{\"title_length\":82,\"excerpt_length\":119},\"wp_query\":false,\"numeric_items_style\":\"style-4\",\"item_margin\":7,\"show_no_result\":true,\"view\":\"newsy_list_1\"},\"id\":\"block_69f0ab5d3ce18_2\",\"token\":\"d06d7ab4c5a\"};<\/script><\/div><\/div>\t\t\t\t<\/div>\n\t\t\t\t<\/div>\n\t\t\t\t<div class=\"elementor-element elementor-element-ea4f76b elementor-widget elementor-widget-newsy_list_1\" data-id=\"ea4f76b\" data-element_type=\"widget\" data-widget_type=\"newsy_list_1.default\">\n\t\t\t\t<div class=\"elementor-widget-container\">\n\t\t\t\t\t<div class=\"ak-block ak-block-list-1  ak-block-numeric-style-4 ak-block-width-3 clearfix\" id=\"block_69f0ab5d3ce18_10\"><style scoped>#block_69f0ab5d3ce18_10 .ak-block-header {--ak-block-header-bg-color:#FF0808;--ak-block-title-icon-color:#F4F4F4;}#block_69f0ab5d3ce18_10:not(.ak-block-width-1) .ak-block-posts { margin-right: -7px; }#block_69f0ab5d3ce18_10 .ak-block-posts .ak-module{ padding-right: 7px; margin-bottom: 7px; }#block_69f0ab5d3ce18_10.ak-block-module-seperator-line .ak-module-inner{ padding-bottom: 7px; }<\/style><div class=\"ak-block-header ak-block-header-style-10 no-tabs\"><h4 class=\"ak-block-title\"><span class=\"title-text\"><i class=\"ak-icon  fa fa-envelope-o\"><\/i><span>Politique<\/span><\/span><\/h4><\/div><div class=\"ak-block-inner clearfix\"><div class=\"ak-block-posts clearfix\">\t\t<article class=\"ak-module ak-module-1 clearfix post-40152 post type-post status-publish format-standard has-post-thumbnail  category-politique\">\n\t\t\t<div class=\"ak-module-inner clearfix\">\n\t\t\t\t<div class=\"ak-module-featured\">\n\t\t\t\t\t<div class=\"ak-module-badges\"><\/div><div class=\"ak-featured-cover\"><a href=\"https:\/\/guineechrono.com\/index.php\/elections-communales-la-dge-valide-511-dossiers-et-en-rejette-117\/\" class=\"ak-featured-link\" rel=\"bookmark\" title=\"\u00c9lections communales : la DGE valide 511 dossiers et en rejette 117\"><div class=\"ak-featured-thumb lazy-thumb size-715\" ><img loading=\"lazy\" decoding=\"async\" width=\"350\" height=\"250\" src=\"data:image\/gif;base64,R0lGODlhAQABAAAAACH5BAEKAAEALAAAAAABAAEAAAICTAEAOw==\" class=\"attachment-newsy_350x250 size-newsy_350x250 lazyload wp-post-image\" alt=\"\u00c9lections du 24 mai 2026 : la DGE rappelle \u00e0 l\u2019ordre les acteurs politiques (communiqu\u00e9)\" data-src=\"https:\/\/guineechrono.com\/wp-content\/uploads\/2026\/04\/electionst-350x250.jpg\" data-sizes=\"auto\" data-srcset=\"https:\/\/guineechrono.com\/wp-content\/uploads\/2026\/04\/electionst-350x250.jpg 350w, https:\/\/guineechrono.com\/wp-content\/uploads\/2026\/04\/electionst-120x86.jpg 120w, https:\/\/guineechrono.com\/wp-content\/uploads\/2026\/04\/electionst-750x536.jpg 750w\" data-expand=\"700\" \/><\/div><\/a><\/div><div class=\"ak-module-terms badge\"><a class=\"term-43\" href=\"https:\/\/guineechrono.com\/index.php\/category\/politique\/\">POLITIQUE<\/a><\/div>\t\t\t\t<\/div>\n\t\t\t\t<div class=\"ak-module-details\">\n\t\t\t\t\t<h3 class=\"ak-module-title\"><a href=\"https:\/\/guineechrono.com\/index.php\/elections-communales-la-dge-valide-511-dossiers-et-en-rejette-117\/\" rel=\"bookmark\" title=\"\u00c9lections communales : la DGE valide 511 dossiers et en rejette 117\">\u00c9lections communales : la DGE valide 511 dossiers et en rejette 117<\/a><\/h3><div class=\"ak-module-summary\"><p>La Direction G\u00e9n\u00e9rale des \u00c9lections (DGE) a pr\u00e9sent\u00e9 ce lundi matin un premier bilan du processus de validation des&hellip;<\/p><\/div><div class=\"ak-module-meta\"><div class=\"ak-module-author\"><a href=\"https:\/\/guineechrono.com\/members\/diasaliou\/\"><img alt='La R\u00e9daction de Guineechrono' src='\/\/www.gravatar.com\/avatar\/bfec2f0e9f9d0d4a8b70d75c8be075bc?s=22&#038;r=g&#038;d=mm' srcset='\/\/www.gravatar.com\/avatar\/bfec2f0e9f9d0d4a8b70d75c8be075bc?s=22&#038;r=g&#038;d=mm 2x' class='avatar avatar-22 photo post-author-avatar' height='22' width='22' \/><\/a>by <a href=\"https:\/\/guineechrono.com\/members\/diasaliou\/\" class=\"ak-module-author-name\">La R\u00e9daction de Guineechrono<\/a><\/div><div class=\"ak-module-time\"><a href=\"https:\/\/guineechrono.com\/index.php\/elections-communales-la-dge-valide-511-dossiers-et-en-rejette-117\/\" class=\"ak-module-meta-published\"><i class=\"ak-icon akfi-schedule\"><\/i>23 avril 2026<\/a><\/div> <div class=\"ak-module-view-count\"><i class=\"ak-icon  fa fa-eye\"><\/i><span class=\"count\">4<\/span><\/div><\/div>\t\t\t\t<\/div>\n\t\t\t<\/div>\n\t\t<\/article>\n\t\t\t\t<article class=\"ak-module ak-module-1 clearfix post-40149 post type-post status-publish format-standard has-post-thumbnail  category-politique\">\n\t\t\t<div class=\"ak-module-inner clearfix\">\n\t\t\t\t<div class=\"ak-module-featured\">\n\t\t\t\t\t<div class=\"ak-module-badges\"><\/div><div class=\"ak-featured-cover\"><a href=\"https:\/\/guineechrono.com\/index.php\/guinee-alseny-sekou-bangoura-repond-a-cheikh-yerim-seck-et-denonce-des-speculations-mediatiques\/\" class=\"ak-featured-link\" rel=\"bookmark\" title=\"Guin\u00e9e : Als\u00e9ny S\u00e9kou Bangoura r\u00e9pond \u00e0 Cheikh Y\u00e9rim Seck et d\u00e9nonce des \u00ab sp\u00e9culations m\u00e9diatiques \u00bb\"><div class=\"ak-featured-thumb lazy-thumb size-715\" ><img loading=\"lazy\" decoding=\"async\" width=\"350\" height=\"250\" src=\"data:image\/gif;base64,R0lGODlhAQABAAAAACH5BAEKAAEALAAAAAABAAEAAAICTAEAOw==\" class=\"attachment-newsy_350x250 size-newsy_350x250 lazyload wp-post-image\" alt=\"Guin\u00e9e : Als\u00e9ny S\u00e9kou Bangoura r\u00e9pond \u00e0 Cheikh Y\u00e9rim Seck et d\u00e9nonce des \u00ab sp\u00e9culations m\u00e9diatiques \u00bb\" data-src=\"https:\/\/guineechrono.com\/wp-content\/uploads\/2026\/04\/1776936118914-350x250.jpg\" data-sizes=\"auto\" data-srcset=\"https:\/\/guineechrono.com\/wp-content\/uploads\/2026\/04\/1776936118914-350x250.jpg 350w, https:\/\/guineechrono.com\/wp-content\/uploads\/2026\/04\/1776936118914-120x86.jpg 120w, https:\/\/guineechrono.com\/wp-content\/uploads\/2026\/04\/1776936118914-750x536.jpg 750w\" data-expand=\"700\" \/><\/div><\/a><\/div><div class=\"ak-module-terms badge\"><a class=\"term-43\" href=\"https:\/\/guineechrono.com\/index.php\/category\/politique\/\">POLITIQUE<\/a><\/div>\t\t\t\t<\/div>\n\t\t\t\t<div class=\"ak-module-details\">\n\t\t\t\t\t<h3 class=\"ak-module-title\"><a href=\"https:\/\/guineechrono.com\/index.php\/guinee-alseny-sekou-bangoura-repond-a-cheikh-yerim-seck-et-denonce-des-speculations-mediatiques\/\" rel=\"bookmark\" title=\"Guin\u00e9e : Als\u00e9ny S\u00e9kou Bangoura r\u00e9pond \u00e0 Cheikh Y\u00e9rim Seck et d\u00e9nonce des \u00ab sp\u00e9culations m\u00e9diatiques \u00bb\">Guin\u00e9e : Als\u00e9ny S\u00e9kou Bangoura r\u00e9pond \u00e0 Cheikh Y\u00e9rim Seck et d\u00e9nonce des \u00ab&hellip;<\/a><\/h3><div class=\"ak-module-summary\"><p>Les r\u00e9centes d\u00e9clarations du journaliste s\u00e9n\u00e9galais Cheikh Y\u00e9rim Seck sur la situation politique en Guin\u00e9e continuent&hellip;<\/p><\/div><div class=\"ak-module-meta\"><div class=\"ak-module-author\"><a href=\"https:\/\/guineechrono.com\/members\/diasaliou\/\"><img alt='La R\u00e9daction de Guineechrono' src='\/\/www.gravatar.com\/avatar\/bfec2f0e9f9d0d4a8b70d75c8be075bc?s=22&#038;r=g&#038;d=mm' srcset='\/\/www.gravatar.com\/avatar\/bfec2f0e9f9d0d4a8b70d75c8be075bc?s=22&#038;r=g&#038;d=mm 2x' class='avatar avatar-22 photo post-author-avatar' height='22' width='22' \/><\/a>by <a href=\"https:\/\/guineechrono.com\/members\/diasaliou\/\" class=\"ak-module-author-name\">La R\u00e9daction de Guineechrono<\/a><\/div><div class=\"ak-module-time\"><a href=\"https:\/\/guineechrono.com\/index.php\/guinee-alseny-sekou-bangoura-repond-a-cheikh-yerim-seck-et-denonce-des-speculations-mediatiques\/\" class=\"ak-module-meta-published\"><i class=\"ak-icon akfi-schedule\"><\/i>23 avril 2026<\/a><\/div> <div class=\"ak-module-view-count\"><i class=\"ak-icon  fa fa-eye\"><\/i><span class=\"count\">31<\/span><\/div><\/div>\t\t\t\t<\/div>\n\t\t\t<\/div>\n\t\t<\/article>\n\t\t\t\t<article class=\"ak-module ak-module-1 clearfix post-40108 post type-post status-publish format-standard has-post-thumbnail  category-politique\">\n\t\t\t<div class=\"ak-module-inner clearfix\">\n\t\t\t\t<div class=\"ak-module-featured\">\n\t\t\t\t\t<div class=\"ak-module-badges\"><\/div><div class=\"ak-featured-cover\"><a href=\"https:\/\/guineechrono.com\/index.php\/elections-legislatives-et-communales-sur-28-candidatures-21-partis-retenus-provisoirement-jusqua-leur-validite-par-la-cour-supreme\/\" class=\"ak-featured-link\" rel=\"bookmark\" title=\"\u00c9lections l\u00e9gislatives et communales : sur 28 candidatures, 21 partis retenus provisoirement jusqu\u2019\u00e0 leur validit\u00e9 par la Cour Supr\u00eame\"><div class=\"ak-featured-thumb lazy-thumb size-715\" ><img loading=\"lazy\" decoding=\"async\" width=\"350\" height=\"250\" src=\"data:image\/gif;base64,R0lGODlhAQABAAAAACH5BAEKAAEALAAAAAABAAEAAAICTAEAOw==\" class=\"attachment-newsy_350x250 size-newsy_350x250 lazyload wp-post-image\" alt=\"\u00c9lections l\u00e9gislatives et communales : sur 28 candidatures, 21 partis retenus provisoirement jusqu\u2019\u00e0 leur validit\u00e9 par la Cour Supr\u00eame\" data-src=\"https:\/\/guineechrono.com\/wp-content\/uploads\/2026\/04\/partti-350x250.jpg\" data-sizes=\"auto\" data-srcset=\"https:\/\/guineechrono.com\/wp-content\/uploads\/2026\/04\/partti-350x250.jpg 350w, https:\/\/guineechrono.com\/wp-content\/uploads\/2026\/04\/partti-120x86.jpg 120w\" data-expand=\"700\" \/><\/div><\/a><\/div><div class=\"ak-module-terms badge\"><a class=\"term-43\" href=\"https:\/\/guineechrono.com\/index.php\/category\/politique\/\">POLITIQUE<\/a><\/div>\t\t\t\t<\/div>\n\t\t\t\t<div class=\"ak-module-details\">\n\t\t\t\t\t<h3 class=\"ak-module-title\"><a href=\"https:\/\/guineechrono.com\/index.php\/elections-legislatives-et-communales-sur-28-candidatures-21-partis-retenus-provisoirement-jusqua-leur-validite-par-la-cour-supreme\/\" rel=\"bookmark\" title=\"\u00c9lections l\u00e9gislatives et communales : sur 28 candidatures, 21 partis retenus provisoirement jusqu\u2019\u00e0 leur validit\u00e9 par la Cour Supr\u00eame\">\u00c9lections l\u00e9gislatives et communales : sur 28 candidatures, 21 partis retenus&hellip;<\/a><\/h3><div class=\"ak-module-summary\"><p>La Direction G\u00e9n\u00e9rale des \u00c9lections (DGE) a franchi une \u00e9tape cruciale dans le processus \u00e9lectoral en cours. Au cours&hellip;<\/p><\/div><div class=\"ak-module-meta\"><div class=\"ak-module-author\"><a href=\"https:\/\/guineechrono.com\/members\/diasaliou\/\"><img alt='La R\u00e9daction de Guineechrono' src='\/\/www.gravatar.com\/avatar\/bfec2f0e9f9d0d4a8b70d75c8be075bc?s=22&#038;r=g&#038;d=mm' srcset='\/\/www.gravatar.com\/avatar\/bfec2f0e9f9d0d4a8b70d75c8be075bc?s=22&#038;r=g&#038;d=mm 2x' class='avatar avatar-22 photo post-author-avatar' height='22' width='22' \/><\/a>by <a href=\"https:\/\/guineechrono.com\/members\/diasaliou\/\" class=\"ak-module-author-name\">La R\u00e9daction de Guineechrono<\/a><\/div><div class=\"ak-module-time\"><a href=\"https:\/\/guineechrono.com\/index.php\/elections-legislatives-et-communales-sur-28-candidatures-21-partis-retenus-provisoirement-jusqua-leur-validite-par-la-cour-supreme\/\" class=\"ak-module-meta-published\"><i class=\"ak-icon akfi-schedule\"><\/i>16 avril 2026<\/a><\/div> <div class=\"ak-module-view-count\"><i class=\"ak-icon  fa fa-eye\"><\/i><span class=\"count\">8<\/span><\/div><\/div>\t\t\t\t<\/div>\n\t\t\t<\/div>\n\t\t<\/article>\n\t\t\t\t<article class=\"ak-module ak-module-1 clearfix post-40068 post type-post status-publish format-standard has-post-thumbnail  category-politique\">\n\t\t\t<div class=\"ak-module-inner clearfix\">\n\t\t\t\t<div class=\"ak-module-featured\">\n\t\t\t\t\t<div class=\"ak-module-badges\"><\/div><div class=\"ak-featured-cover\"><a href=\"https:\/\/guineechrono.com\/index.php\/guinee-les-elections-legislatives-et-communales-reportees-au-31-mai-2026\/\" class=\"ak-featured-link\" rel=\"bookmark\" title=\"Guin\u00e9e : les \u00e9lections l\u00e9gislatives et communales report\u00e9es au 31 mai 2026\"><div class=\"ak-featured-thumb lazy-thumb size-715\" ><img loading=\"lazy\" decoding=\"async\" width=\"225\" height=\"225\" src=\"data:image\/gif;base64,R0lGODlhAQABAAAAACH5BAEKAAEALAAAAAABAAEAAAICTAEAOw==\" class=\"attachment-newsy_350x250 size-newsy_350x250 lazyload wp-post-image\" alt=\"\u00c9lections l\u00e9gislatives et communales : les dates de la campagne \u00e9lectorale fix\u00e9es\" data-src=\"https:\/\/guineechrono.com\/wp-content\/uploads\/2026\/04\/mamadi-Doumbouya.jpg\" data-sizes=\"auto\" data-srcset=\"https:\/\/guineechrono.com\/wp-content\/uploads\/2026\/04\/mamadi-Doumbouya.jpg 225w, https:\/\/guineechrono.com\/wp-content\/uploads\/2026\/04\/mamadi-Doumbouya-150x150.jpg 150w, https:\/\/guineechrono.com\/wp-content\/uploads\/2026\/04\/mamadi-Doumbouya-75x75.jpg 75w\" data-expand=\"700\" \/><\/div><\/a><\/div><div class=\"ak-module-terms badge\"><a class=\"term-43\" href=\"https:\/\/guineechrono.com\/index.php\/category\/politique\/\">POLITIQUE<\/a><\/div>\t\t\t\t<\/div>\n\t\t\t\t<div class=\"ak-module-details\">\n\t\t\t\t\t<h3 class=\"ak-module-title\"><a href=\"https:\/\/guineechrono.com\/index.php\/guinee-les-elections-legislatives-et-communales-reportees-au-31-mai-2026\/\" rel=\"bookmark\" title=\"Guin\u00e9e : les \u00e9lections l\u00e9gislatives et communales report\u00e9es au 31 mai 2026\">Guin\u00e9e : les \u00e9lections l\u00e9gislatives et communales report\u00e9es au 31 mai 2026<\/a><\/h3><div class=\"ak-module-summary\"><p>Les \u00e9lections l\u00e9gislatives et communales en Guin\u00e9e, initialement pr\u00e9vues le 24 mai 2026, ont \u00e9t\u00e9 report\u00e9es d\u2019une&hellip;<\/p><\/div><div class=\"ak-module-meta\"><div class=\"ak-module-author\"><a href=\"https:\/\/guineechrono.com\/members\/diasaliou\/\"><img alt='La R\u00e9daction de Guineechrono' src='\/\/www.gravatar.com\/avatar\/bfec2f0e9f9d0d4a8b70d75c8be075bc?s=22&#038;r=g&#038;d=mm' srcset='\/\/www.gravatar.com\/avatar\/bfec2f0e9f9d0d4a8b70d75c8be075bc?s=22&#038;r=g&#038;d=mm 2x' class='avatar avatar-22 photo post-author-avatar' height='22' width='22' \/><\/a>by <a href=\"https:\/\/guineechrono.com\/members\/diasaliou\/\" class=\"ak-module-author-name\">La R\u00e9daction de Guineechrono<\/a><\/div><div class=\"ak-module-time\"><a href=\"https:\/\/guineechrono.com\/index.php\/guinee-les-elections-legislatives-et-communales-reportees-au-31-mai-2026\/\" class=\"ak-module-meta-published\"><i class=\"ak-icon akfi-schedule\"><\/i>11 avril 2026<\/a><\/div> <div class=\"ak-module-view-count\"><i class=\"ak-icon  fa fa-eye\"><\/i><span class=\"count\">5<\/span><\/div><\/div>\t\t\t\t<\/div>\n\t\t\t<\/div>\n\t\t<\/article>\n\t\t<\/div><\/div><\/div>\t\t\t\t<\/div>\n\t\t\t\t<\/div>\n\t\t\t\t<div class=\"elementor-element elementor-element-466827b elementor-widget elementor-widget-newsy_block_header\" data-id=\"466827b\" data-element_type=\"widget\" data-widget_type=\"newsy_block_header.default\">\n\t\t\t\t<div class=\"elementor-widget-container\">\n\t\t\t\t\t<div class=\"ak-block ak-block-custom-header  ak-block-width-1 clearfix\" id=\"block_69f0ab5d3ce18_11\"><style scoped>#block_69f0ab5d3ce18_11 .ak-block-header {--ak-block-header-bg-color:#FF0000;--ak-block-title-bg-color:#DE3E3E;}<\/style><div class=\"ak-block-header ak-block-header-style-10 no-tabs\"><h4 class=\"ak-block-title\"><span class=\"title-text\"><span>A l&#039;affiche<\/span><\/span><\/h4><\/div><div class=\"ak-block-inner clearfix\"><\/div><\/div>\t\t\t\t<\/div>\n\t\t\t\t<\/div>\n\t\t\t\t<div class=\"elementor-element elementor-element-9a7f644 elementor-widget elementor-widget-image\" data-id=\"9a7f644\" data-element_type=\"widget\" data-widget_type=\"image.default\">\n\t\t\t\t<div class=\"elementor-widget-container\">\n\t\t\t\t\t\t\t\t\t\t\t\t\t\t\t<img loading=\"lazy\" decoding=\"async\" width=\"724\" height=\"1024\" src=\"https:\/\/guineechrono.com\/wp-content\/uploads\/2025\/11\/1762111690794.jpeg\" class=\"attachment-large size-large wp-image-38356\" alt=\"\" srcset=\"https:\/\/guineechrono.com\/wp-content\/uploads\/2025\/11\/1762111690794.jpeg 724w, https:\/\/guineechrono.com\/wp-content\/uploads\/2025\/11\/1762111690794-212x300.jpeg 212w\" sizes=\"(max-width: 724px) 100vw, 724px\" \/>\t\t\t\t\t\t\t\t\t\t\t\t\t\t\t<\/div>\n\t\t\t\t<\/div>\n\t\t\t\t<div class=\"elementor-element elementor-element-56d3ac5 elementor-widget elementor-widget-newsy_list_1\" data-id=\"56d3ac5\" data-element_type=\"widget\" data-widget_type=\"newsy_list_1.default\">\n\t\t\t\t<div class=\"elementor-widget-container\">\n\t\t\t\t\t<div class=\"ak-block ak-block-list-1  ak-block-numeric-style-4 ak-block-width-3 clearfix\" id=\"block_69f0ab5d3ce18_12\"><style scoped>#block_69f0ab5d3ce18_12 .ak-block-header {--ak-block-header-bg-color:#FF0808;--ak-block-title-icon-color:#F4F4F4;}#block_69f0ab5d3ce18_12:not(.ak-block-width-1) .ak-block-posts { margin-right: -7px; }#block_69f0ab5d3ce18_12 .ak-block-posts .ak-module{ padding-right: 7px; margin-bottom: 7px; }#block_69f0ab5d3ce18_12.ak-block-module-seperator-line .ak-module-inner{ padding-bottom: 7px; }<\/style><div class=\"ak-block-header ak-block-header-style-10 no-tabs\"><h4 class=\"ak-block-title\"><span class=\"title-text\"><i class=\"ak-icon  fa fa-envelope-o\"><\/i><span>Economie<\/span><\/span><\/h4><\/div><div class=\"ak-block-inner clearfix\"><div class=\"ak-block-posts clearfix\">\t\t<article class=\"ak-module ak-module-1 clearfix post-40186 post type-post status-publish format-standard has-post-thumbnail  category-economie\">\n\t\t\t<div class=\"ak-module-inner clearfix\">\n\t\t\t\t<div class=\"ak-module-featured\">\n\t\t\t\t\t<div class=\"ak-module-badges\"><\/div><div class=\"ak-featured-cover\"><a href=\"https:\/\/guineechrono.com\/index.php\/feminia-2026-soutra-money-une-filiale-du-groupe-lanala-au-coeur-de-levenement\/\" class=\"ak-featured-link\" rel=\"bookmark\" title=\"Feminia 2026 : Soutra Money, une filiale du Groupe Lanala, au c\u0153ur de l\u2019\u00e9v\u00e9nement\"><div class=\"ak-featured-thumb lazy-thumb size-715\" ><img loading=\"lazy\" decoding=\"async\" width=\"350\" height=\"250\" src=\"data:image\/gif;base64,R0lGODlhAQABAAAAACH5BAEKAAEALAAAAAABAAEAAAICTAEAOw==\" class=\"attachment-newsy_350x250 size-newsy_350x250 lazyload wp-post-image\" alt=\"Feminia 2026 : Soutra Money, une filiale du Groupe Lanala, au c\u0153ur de l\u2019\u00e9v\u00e9nement\" data-src=\"https:\/\/guineechrono.com\/wp-content\/uploads\/2026\/04\/Soutra1-350x250.jpg\" data-sizes=\"auto\" data-srcset=\"https:\/\/guineechrono.com\/wp-content\/uploads\/2026\/04\/Soutra1-350x250.jpg 350w, https:\/\/guineechrono.com\/wp-content\/uploads\/2026\/04\/Soutra1-120x86.jpg 120w, https:\/\/guineechrono.com\/wp-content\/uploads\/2026\/04\/Soutra1-750x536.jpg 750w\" data-expand=\"700\" \/><\/div><\/a><\/div><div class=\"ak-module-terms badge\"><a class=\"term-44\" href=\"https:\/\/guineechrono.com\/index.php\/category\/economie\/\">ECONOMIE<\/a><\/div>\t\t\t\t<\/div>\n\t\t\t\t<div class=\"ak-module-details\">\n\t\t\t\t\t<h3 class=\"ak-module-title\"><a href=\"https:\/\/guineechrono.com\/index.php\/feminia-2026-soutra-money-une-filiale-du-groupe-lanala-au-coeur-de-levenement\/\" rel=\"bookmark\" title=\"Feminia 2026 : Soutra Money, une filiale du Groupe Lanala, au c\u0153ur de l\u2019\u00e9v\u00e9nement\">Feminia 2026 : Soutra Money, une filiale du Groupe Lanala, au c\u0153ur de l\u2019\u00e9v\u00e9nement<\/a><\/h3><div class=\"ak-module-summary\"><p>Conakry a accueilli, du 24 au 25 avril 2026, la 5\u1d49 \u00e9dition du Salon de l\u2019Entrepreneuriat F\u00e9minin de Guin\u00e9e (Feminia&hellip;<\/p><\/div><div class=\"ak-module-meta\"><div class=\"ak-module-author\"><a href=\"https:\/\/guineechrono.com\/members\/diasaliou\/\"><img alt='La R\u00e9daction de Guineechrono' src='\/\/www.gravatar.com\/avatar\/bfec2f0e9f9d0d4a8b70d75c8be075bc?s=22&#038;r=g&#038;d=mm' srcset='\/\/www.gravatar.com\/avatar\/bfec2f0e9f9d0d4a8b70d75c8be075bc?s=22&#038;r=g&#038;d=mm 2x' class='avatar avatar-22 photo post-author-avatar' height='22' width='22' \/><\/a>by <a href=\"https:\/\/guineechrono.com\/members\/diasaliou\/\" class=\"ak-module-author-name\">La R\u00e9daction de Guineechrono<\/a><\/div><div class=\"ak-module-time\"><a href=\"https:\/\/guineechrono.com\/index.php\/feminia-2026-soutra-money-une-filiale-du-groupe-lanala-au-coeur-de-levenement\/\" class=\"ak-module-meta-published\"><i class=\"ak-icon akfi-schedule\"><\/i>25 avril 2026<\/a><\/div> <div class=\"ak-module-view-count\"><i class=\"ak-icon  fa fa-eye\"><\/i><span class=\"count\">3<\/span><\/div><\/div>\t\t\t\t<\/div>\n\t\t\t<\/div>\n\t\t<\/article>\n\t\t\t\t<article class=\"ak-module ak-module-1 clearfix post-40180 post type-post status-publish format-standard has-post-thumbnail  category-economie\">\n\t\t\t<div class=\"ak-module-inner clearfix\">\n\t\t\t\t<div class=\"ak-module-featured\">\n\t\t\t\t\t<div class=\"ak-module-badges\"><\/div><div class=\"ak-featured-cover\"><a href=\"https:\/\/guineechrono.com\/index.php\/conakry-vista-gui-celebre-la-journee-internationale-des-femmes-sous-le-signe-de-la-justice-sociale\/\" class=\"ak-featured-link\" rel=\"bookmark\" title=\"Conakry : Vista Gui c\u00e9l\u00e8bre la Journ\u00e9e internationale des femmes sous le signe de la justice sociale\"><div class=\"ak-featured-thumb lazy-thumb size-715\" ><img loading=\"lazy\" decoding=\"async\" width=\"350\" height=\"250\" src=\"data:image\/gif;base64,R0lGODlhAQABAAAAACH5BAEKAAEALAAAAAABAAEAAAICTAEAOw==\" class=\"attachment-newsy_350x250 size-newsy_350x250 lazyload wp-post-image\" alt=\"Conakry : Vista Gui c\u00e9l\u00e8bre la Journ\u00e9e internationale des femmes sous le signe de la justice sociale\" data-src=\"https:\/\/guineechrono.com\/wp-content\/uploads\/2026\/04\/vista-gui-350x250.jpg\" data-sizes=\"auto\" data-srcset=\"https:\/\/guineechrono.com\/wp-content\/uploads\/2026\/04\/vista-gui-350x250.jpg 350w, https:\/\/guineechrono.com\/wp-content\/uploads\/2026\/04\/vista-gui-120x86.jpg 120w, https:\/\/guineechrono.com\/wp-content\/uploads\/2026\/04\/vista-gui-750x536.jpg 750w\" data-expand=\"700\" \/><\/div><\/a><\/div><div class=\"ak-module-terms badge\"><a class=\"term-44\" href=\"https:\/\/guineechrono.com\/index.php\/category\/economie\/\">ECONOMIE<\/a><\/div>\t\t\t\t<\/div>\n\t\t\t\t<div class=\"ak-module-details\">\n\t\t\t\t\t<h3 class=\"ak-module-title\"><a href=\"https:\/\/guineechrono.com\/index.php\/conakry-vista-gui-celebre-la-journee-internationale-des-femmes-sous-le-signe-de-la-justice-sociale\/\" rel=\"bookmark\" title=\"Conakry : Vista Gui c\u00e9l\u00e8bre la Journ\u00e9e internationale des femmes sous le signe de la justice sociale\">Conakry : Vista Gui c\u00e9l\u00e8bre la Journ\u00e9e internationale des femmes sous le signe de&hellip;<\/a><\/h3><div class=\"ak-module-summary\"><p>\u00c0 Conakry, Vista Gui a c\u00e9l\u00e9br\u00e9, le 15 avril dernier \u00e0 son si\u00e8ge, la Journ\u00e9e internationale des femmes autour du th\u00e8me :&hellip;<\/p><\/div><div class=\"ak-module-meta\"><div class=\"ak-module-author\"><a href=\"https:\/\/guineechrono.com\/members\/diasaliou\/\"><img alt='La R\u00e9daction de Guineechrono' src='\/\/www.gravatar.com\/avatar\/bfec2f0e9f9d0d4a8b70d75c8be075bc?s=22&#038;r=g&#038;d=mm' srcset='\/\/www.gravatar.com\/avatar\/bfec2f0e9f9d0d4a8b70d75c8be075bc?s=22&#038;r=g&#038;d=mm 2x' class='avatar avatar-22 photo post-author-avatar' height='22' width='22' \/><\/a>by <a href=\"https:\/\/guineechrono.com\/members\/diasaliou\/\" class=\"ak-module-author-name\">La R\u00e9daction de Guineechrono<\/a><\/div><div class=\"ak-module-time\"><a href=\"https:\/\/guineechrono.com\/index.php\/conakry-vista-gui-celebre-la-journee-internationale-des-femmes-sous-le-signe-de-la-justice-sociale\/\" class=\"ak-module-meta-published\"><i class=\"ak-icon akfi-schedule\"><\/i>25 avril 2026<\/a><\/div> <div class=\"ak-module-view-count\"><i class=\"ak-icon  fa fa-eye\"><\/i><span class=\"count\">4<\/span><\/div><\/div>\t\t\t\t<\/div>\n\t\t\t<\/div>\n\t\t<\/article>\n\t\t\t\t<article class=\"ak-module ak-module-1 clearfix post-40102 post type-post status-publish format-standard has-post-thumbnail  category-economie\">\n\t\t\t<div class=\"ak-module-inner clearfix\">\n\t\t\t\t<div class=\"ak-module-featured\">\n\t\t\t\t\t<div class=\"ak-module-badges\"><\/div><div class=\"ak-featured-cover\"><a href=\"https:\/\/guineechrono.com\/index.php\/conakry-la-cge-gui-prend-part-au-lancement-de-la-revision-du-code-des-investissements\/\" class=\"ak-featured-link\" rel=\"bookmark\" title=\"Conakry : la CGE-GUI prend part au lancement de la r\u00e9vision du Code des investissements\"><div class=\"ak-featured-thumb lazy-thumb size-715\" ><img loading=\"lazy\" decoding=\"async\" width=\"350\" height=\"250\" src=\"data:image\/gif;base64,R0lGODlhAQABAAAAACH5BAEKAAEALAAAAAABAAEAAAICTAEAOw==\" class=\"attachment-newsy_350x250 size-newsy_350x250 lazyload wp-post-image\" alt=\"Conakry : la CGE-GUI prend part au lancement de la r\u00e9vision du Code des investissements\" data-src=\"https:\/\/guineechrono.com\/wp-content\/uploads\/2026\/04\/1776257820984-350x250.jpg\" data-sizes=\"auto\" data-srcset=\"https:\/\/guineechrono.com\/wp-content\/uploads\/2026\/04\/1776257820984-350x250.jpg 350w, https:\/\/guineechrono.com\/wp-content\/uploads\/2026\/04\/1776257820984-120x86.jpg 120w, https:\/\/guineechrono.com\/wp-content\/uploads\/2026\/04\/1776257820984-750x536.jpg 750w\" data-expand=\"700\" \/><\/div><\/a><\/div><div class=\"ak-module-terms badge\"><a class=\"term-44\" href=\"https:\/\/guineechrono.com\/index.php\/category\/economie\/\">ECONOMIE<\/a><\/div>\t\t\t\t<\/div>\n\t\t\t\t<div class=\"ak-module-details\">\n\t\t\t\t\t<h3 class=\"ak-module-title\"><a href=\"https:\/\/guineechrono.com\/index.php\/conakry-la-cge-gui-prend-part-au-lancement-de-la-revision-du-code-des-investissements\/\" rel=\"bookmark\" title=\"Conakry : la CGE-GUI prend part au lancement de la r\u00e9vision du Code des investissements\">Conakry : la CGE-GUI prend part au lancement de la r\u00e9vision du Code des&hellip;<\/a><\/h3><div class=\"ak-module-summary\"><p>\u00c0 Conakry, la Conf\u00e9d\u00e9ration G\u00e9n\u00e9rale des Entreprises de Guin\u00e9e (CGE-GUI) a particip\u00e9 au lancement officiel de la&hellip;<\/p><\/div><div class=\"ak-module-meta\"><div class=\"ak-module-author\"><a href=\"https:\/\/guineechrono.com\/members\/diasaliou\/\"><img alt='La R\u00e9daction de Guineechrono' src='\/\/www.gravatar.com\/avatar\/bfec2f0e9f9d0d4a8b70d75c8be075bc?s=22&#038;r=g&#038;d=mm' srcset='\/\/www.gravatar.com\/avatar\/bfec2f0e9f9d0d4a8b70d75c8be075bc?s=22&#038;r=g&#038;d=mm 2x' class='avatar avatar-22 photo post-author-avatar' height='22' width='22' \/><\/a>by <a href=\"https:\/\/guineechrono.com\/members\/diasaliou\/\" class=\"ak-module-author-name\">La R\u00e9daction de Guineechrono<\/a><\/div><div class=\"ak-module-time\"><a href=\"https:\/\/guineechrono.com\/index.php\/conakry-la-cge-gui-prend-part-au-lancement-de-la-revision-du-code-des-investissements\/\" class=\"ak-module-meta-published\"><i class=\"ak-icon akfi-schedule\"><\/i>15 avril 2026<\/a><\/div> <div class=\"ak-module-view-count\"><i class=\"ak-icon  fa fa-eye\"><\/i><span class=\"count\">6<\/span><\/div><\/div>\t\t\t\t<\/div>\n\t\t\t<\/div>\n\t\t<\/article>\n\t\t\t\t<article class=\"ak-module ak-module-1 clearfix post-40018 post type-post status-publish format-standard has-post-thumbnail  category-economie\">\n\t\t\t<div class=\"ak-module-inner clearfix\">\n\t\t\t\t<div class=\"ak-module-featured\">\n\t\t\t\t\t<div class=\"ak-module-badges\"><\/div><div class=\"ak-featured-cover\"><a href=\"https:\/\/guineechrono.com\/index.php\/conakry-vista-gui-participe-a-la-journee-portes-ouvertes-des-services-bancaires-organisee-par-rio-tinto-guinea\/\" class=\"ak-featured-link\" rel=\"bookmark\" title=\"Conakry : Vista Gui participe \u00e0 la Journ\u00e9e Portes Ouvertes des services bancaires organis\u00e9e par Rio Tinto Guinea\"><div class=\"ak-featured-thumb lazy-thumb size-715\" ><img loading=\"lazy\" decoding=\"async\" width=\"350\" height=\"250\" src=\"data:image\/gif;base64,R0lGODlhAQABAAAAACH5BAEKAAEALAAAAAABAAEAAAICTAEAOw==\" class=\"attachment-newsy_350x250 size-newsy_350x250 lazyload wp-post-image\" alt=\"Conakry : Vista Gui participe \u00e0 la Journ\u00e9e Portes Ouvertes des services bancaires organis\u00e9e par Rio Tinto Guinea\" data-src=\"https:\/\/guineechrono.com\/wp-content\/uploads\/2026\/04\/1775560877755-350x250.jpg\" data-sizes=\"auto\" data-srcset=\"https:\/\/guineechrono.com\/wp-content\/uploads\/2026\/04\/1775560877755-350x250.jpg 350w, https:\/\/guineechrono.com\/wp-content\/uploads\/2026\/04\/1775560877755-120x86.jpg 120w, https:\/\/guineechrono.com\/wp-content\/uploads\/2026\/04\/1775560877755-750x536.jpg 750w\" data-expand=\"700\" \/><\/div><\/a><\/div><div class=\"ak-module-terms badge\"><a class=\"term-44\" href=\"https:\/\/guineechrono.com\/index.php\/category\/economie\/\">ECONOMIE<\/a><\/div>\t\t\t\t<\/div>\n\t\t\t\t<div class=\"ak-module-details\">\n\t\t\t\t\t<h3 class=\"ak-module-title\"><a href=\"https:\/\/guineechrono.com\/index.php\/conakry-vista-gui-participe-a-la-journee-portes-ouvertes-des-services-bancaires-organisee-par-rio-tinto-guinea\/\" rel=\"bookmark\" title=\"Conakry : Vista Gui participe \u00e0 la Journ\u00e9e Portes Ouvertes des services bancaires organis\u00e9e par Rio Tinto Guinea\">Conakry : Vista Gui participe \u00e0 la Journ\u00e9e Portes Ouvertes des services bancaires&hellip;<\/a><\/h3><div class=\"ak-module-summary\"><p>\u00c0 Conakry, la soci\u00e9t\u00e9 Rio Tinto Guinea organise, du 7 au 8 avril 2026, une Journ\u00e9e Portes Ouvertes d\u00e9di\u00e9e aux services&hellip;<\/p><\/div><div class=\"ak-module-meta\"><div class=\"ak-module-author\"><a href=\"https:\/\/guineechrono.com\/members\/diasaliou\/\"><img alt='La R\u00e9daction de Guineechrono' src='\/\/www.gravatar.com\/avatar\/bfec2f0e9f9d0d4a8b70d75c8be075bc?s=22&#038;r=g&#038;d=mm' srcset='\/\/www.gravatar.com\/avatar\/bfec2f0e9f9d0d4a8b70d75c8be075bc?s=22&#038;r=g&#038;d=mm 2x' class='avatar avatar-22 photo post-author-avatar' height='22' width='22' \/><\/a>by <a href=\"https:\/\/guineechrono.com\/members\/diasaliou\/\" class=\"ak-module-author-name\">La R\u00e9daction de Guineechrono<\/a><\/div><div class=\"ak-module-time\"><a href=\"https:\/\/guineechrono.com\/index.php\/conakry-vista-gui-participe-a-la-journee-portes-ouvertes-des-services-bancaires-organisee-par-rio-tinto-guinea\/\" class=\"ak-module-meta-published\"><i class=\"ak-icon akfi-schedule\"><\/i>7 avril 2026<\/a><\/div> <div class=\"ak-module-view-count\"><i class=\"ak-icon  fa fa-eye\"><\/i><span class=\"count\">8<\/span><\/div><\/div>\t\t\t\t<\/div>\n\t\t\t<\/div>\n\t\t<\/article>\n\t\t<\/div><\/div><\/div>\t\t\t\t<\/div>\n\t\t\t\t<\/div>\n\t\t\t\t<div class=\"elementor-element elementor-element-f678a10 elementor-widget elementor-widget-newsy_list_1\" data-id=\"f678a10\" data-element_type=\"widget\" data-widget_type=\"newsy_list_1.default\">\n\t\t\t\t<div class=\"elementor-widget-container\">\n\t\t\t\t\t<div class=\"ak-block ak-block-list-1  ak-block-numeric-style-4 ak-block-width-3 clearfix\" id=\"block_69f0ab5d3ce18_13\"><style scoped>#block_69f0ab5d3ce18_13 .ak-block-header {--ak-block-header-bg-color:#FF0808;--ak-block-title-icon-color:#F4F4F4;}#block_69f0ab5d3ce18_13:not(.ak-block-width-1) .ak-block-posts { margin-right: -7px; }#block_69f0ab5d3ce18_13 .ak-block-posts .ak-module{ padding-right: 7px; margin-bottom: 7px; }#block_69f0ab5d3ce18_13.ak-block-module-seperator-line .ak-module-inner{ padding-bottom: 7px; }<\/style><div class=\"ak-block-header ak-block-header-style-10 no-tabs\"><h4 class=\"ak-block-title\"><span class=\"title-text\"><i class=\"ak-icon  fa fa-envelope-o\"><\/i><span>Sport<\/span><\/span><\/h4><\/div><div class=\"ak-block-inner clearfix\"><div class=\"ak-block-posts clearfix\">\t\t<article class=\"ak-module ak-module-1 clearfix post-39826 post type-post status-publish format-standard has-post-thumbnail  category-sport\">\n\t\t\t<div class=\"ak-module-inner clearfix\">\n\t\t\t\t<div class=\"ak-module-featured\">\n\t\t\t\t\t<div class=\"ak-module-badges\"><\/div><div class=\"ak-featured-cover\"><a href=\"https:\/\/guineechrono.com\/index.php\/la-caf-nouvelle-machine-a-destruction-du-football-africain-par-mamadou-bah\/\" class=\"ak-featured-link\" rel=\"bookmark\" title=\"La CAF, nouvelle machine \u00e0 destruction du football africain (par Mamadou Bah)\"><div class=\"ak-featured-thumb lazy-thumb size-715\" ><img loading=\"lazy\" decoding=\"async\" width=\"350\" height=\"250\" src=\"data:image\/gif;base64,R0lGODlhAQABAAAAACH5BAEKAAEALAAAAAABAAEAAAICTAEAOw==\" class=\"attachment-newsy_350x250 size-newsy_350x250 lazyload wp-post-image\" alt=\"La CAF, nouvelle machine \u00e0 destruction du football africain (par Mamadou Bah)\" data-src=\"https:\/\/guineechrono.com\/wp-content\/uploads\/2026\/03\/mathee-350x250.jpeg\" data-sizes=\"auto\" data-srcset=\"https:\/\/guineechrono.com\/wp-content\/uploads\/2026\/03\/mathee-350x250.jpeg 350w, https:\/\/guineechrono.com\/wp-content\/uploads\/2026\/03\/mathee-120x86.jpeg 120w\" data-expand=\"700\" \/><\/div><\/a><\/div><div class=\"ak-module-terms badge\"><a class=\"term-45\" href=\"https:\/\/guineechrono.com\/index.php\/category\/sport\/\">SPORT<\/a><\/div>\t\t\t\t<\/div>\n\t\t\t\t<div class=\"ak-module-details\">\n\t\t\t\t\t<h3 class=\"ak-module-title\"><a href=\"https:\/\/guineechrono.com\/index.php\/la-caf-nouvelle-machine-a-destruction-du-football-africain-par-mamadou-bah\/\" rel=\"bookmark\" title=\"La CAF, nouvelle machine \u00e0 destruction du football africain (par Mamadou Bah)\">La CAF, nouvelle machine \u00e0 destruction du football africain (par Mamadou Bah)<\/a><\/h3><div class=\"ak-module-summary\"><p>De\u00a0 l\u2019 agonie \u00e0\u00a0 la mort , c\u2019 est\u00a0 le court\u00a0 trajet\u00a0 que vient\u00a0 d\u2019emprunter\u00a0 la\u00a0 conf\u00e9d\u00e9ration\u00a0 africaine\u00a0 de football&hellip;<\/p><\/div><div class=\"ak-module-meta\"><div class=\"ak-module-author\"><a href=\"https:\/\/guineechrono.com\/members\/diasaliou\/\"><img alt='La R\u00e9daction de Guineechrono' src='\/\/www.gravatar.com\/avatar\/bfec2f0e9f9d0d4a8b70d75c8be075bc?s=22&#038;r=g&#038;d=mm' srcset='\/\/www.gravatar.com\/avatar\/bfec2f0e9f9d0d4a8b70d75c8be075bc?s=22&#038;r=g&#038;d=mm 2x' class='avatar avatar-22 photo post-author-avatar' height='22' width='22' \/><\/a>by <a href=\"https:\/\/guineechrono.com\/members\/diasaliou\/\" class=\"ak-module-author-name\">La R\u00e9daction de Guineechrono<\/a><\/div><div class=\"ak-module-time\"><a href=\"https:\/\/guineechrono.com\/index.php\/la-caf-nouvelle-machine-a-destruction-du-football-africain-par-mamadou-bah\/\" class=\"ak-module-meta-published\"><i class=\"ak-icon akfi-schedule\"><\/i>18 mars 2026<\/a><\/div> <div class=\"ak-module-view-count\"><i class=\"ak-icon  fa fa-eye\"><\/i><span class=\"count\">6<\/span><\/div><\/div>\t\t\t\t<\/div>\n\t\t\t<\/div>\n\t\t<\/article>\n\t\t\t\t<article class=\"ak-module ak-module-1 clearfix post-39487 post type-post status-publish format-standard has-post-thumbnail  category-sport\">\n\t\t\t<div class=\"ak-module-inner clearfix\">\n\t\t\t\t<div class=\"ak-module-featured\">\n\t\t\t\t\t<div class=\"ak-module-badges\"><\/div><div class=\"ak-featured-cover\"><a href=\"https:\/\/guineechrono.com\/index.php\/football-a-mambia-la-premiere-edition-du-tournoi-dote-du-trophee-elhadj-fode-bangoura-sacheve-dans-la-paix-et-la-quietude-sociale\/\" class=\"ak-featured-link\" rel=\"bookmark\" title=\"Football \u00e0 Mambia : la premi\u00e8re \u00e9dition du tournoi dot\u00e9 du troph\u00e9e Elhadj Fod\u00e9 Bangoura s\u2019ach\u00e8ve dans la paix et la qui\u00e9tude sociale\"><div class=\"ak-featured-thumb lazy-thumb size-715\" ><img loading=\"lazy\" decoding=\"async\" width=\"350\" height=\"250\" src=\"data:image\/gif;base64,R0lGODlhAQABAAAAACH5BAEKAAEALAAAAAABAAEAAAICTAEAOw==\" class=\"attachment-newsy_350x250 size-newsy_350x250 lazyload wp-post-image\" alt=\"Football \u00e0 Mambia : la premi\u00e8re \u00e9dition du tournoi dot\u00e9 du troph\u00e9e Elhadj Fod\u00e9 Bangoura s\u2019ach\u00e8ve dans la paix et la qui\u00e9tude sociale\" data-src=\"https:\/\/guineechrono.com\/wp-content\/uploads\/2026\/02\/20260214_170900-350x250.jpg\" data-sizes=\"auto\" data-srcset=\"https:\/\/guineechrono.com\/wp-content\/uploads\/2026\/02\/20260214_170900-350x250.jpg 350w, https:\/\/guineechrono.com\/wp-content\/uploads\/2026\/02\/20260214_170900-120x86.jpg 120w, https:\/\/guineechrono.com\/wp-content\/uploads\/2026\/02\/20260214_170900-750x536.jpg 750w\" data-expand=\"700\" \/><\/div><\/a><\/div><div class=\"ak-module-terms badge\"><a class=\"term-45\" href=\"https:\/\/guineechrono.com\/index.php\/category\/sport\/\">SPORT<\/a><\/div>\t\t\t\t<\/div>\n\t\t\t\t<div class=\"ak-module-details\">\n\t\t\t\t\t<h3 class=\"ak-module-title\"><a href=\"https:\/\/guineechrono.com\/index.php\/football-a-mambia-la-premiere-edition-du-tournoi-dote-du-trophee-elhadj-fode-bangoura-sacheve-dans-la-paix-et-la-quietude-sociale\/\" rel=\"bookmark\" title=\"Football \u00e0 Mambia : la premi\u00e8re \u00e9dition du tournoi dot\u00e9 du troph\u00e9e Elhadj Fod\u00e9 Bangoura s\u2019ach\u00e8ve dans la paix et la qui\u00e9tude sociale\">Football \u00e0 Mambia : la premi\u00e8re \u00e9dition du tournoi dot\u00e9 du troph\u00e9e Elhadj Fod\u00e9&hellip;<\/a><\/h3><div class=\"ak-module-summary\"><p>La premi\u00e8re \u00e9dition du tournoi de football dot\u00e9 du troph\u00e9e Elhadj Fod\u00e9 Bangoura, pr\u00e9sident de la Cour supr\u00eame de la&hellip;<\/p><\/div><div class=\"ak-module-meta\"><div class=\"ak-module-author\"><a href=\"https:\/\/guineechrono.com\/members\/diasaliou\/\"><img alt='La R\u00e9daction de Guineechrono' src='\/\/www.gravatar.com\/avatar\/bfec2f0e9f9d0d4a8b70d75c8be075bc?s=22&#038;r=g&#038;d=mm' srcset='\/\/www.gravatar.com\/avatar\/bfec2f0e9f9d0d4a8b70d75c8be075bc?s=22&#038;r=g&#038;d=mm 2x' class='avatar avatar-22 photo post-author-avatar' height='22' width='22' \/><\/a>by <a href=\"https:\/\/guineechrono.com\/members\/diasaliou\/\" class=\"ak-module-author-name\">La R\u00e9daction de Guineechrono<\/a><\/div><div class=\"ak-module-time\"><a href=\"https:\/\/guineechrono.com\/index.php\/football-a-mambia-la-premiere-edition-du-tournoi-dote-du-trophee-elhadj-fode-bangoura-sacheve-dans-la-paix-et-la-quietude-sociale\/\" class=\"ak-module-meta-published\"><i class=\"ak-icon akfi-schedule\"><\/i>16 f\u00e9vrier 2026<\/a><\/div> <div class=\"ak-module-view-count\"><i class=\"ak-icon  fa fa-eye\"><\/i><span class=\"count\">16<\/span><\/div><\/div>\t\t\t\t<\/div>\n\t\t\t<\/div>\n\t\t<\/article>\n\t\t\t\t<article class=\"ak-module ak-module-1 clearfix post-39596 post type-post status-publish format-standard has-post-thumbnail  category-sport\">\n\t\t\t<div class=\"ak-module-inner clearfix\">\n\t\t\t\t<div class=\"ak-module-featured\">\n\t\t\t\t\t<div class=\"ak-module-badges\"><\/div><div class=\"ak-featured-cover\"><a href=\"https:\/\/guineechrono.com\/index.php\/ouverture-officielle-du-tournoi-bel-air-mining-trophee-amara-sompare\/\" class=\"ak-featured-link\" rel=\"bookmark\" title=\"Ouverture officielle du Tournoi Bel Air Mining \u2013 Troph\u00e9e Amara Sompar\u00e9\"><div class=\"ak-featured-thumb lazy-thumb size-715\" ><img loading=\"lazy\" decoding=\"async\" width=\"350\" height=\"250\" src=\"data:image\/gif;base64,R0lGODlhAQABAAAAACH5BAEKAAEALAAAAAABAAEAAAICTAEAOw==\" class=\"attachment-newsy_350x250 size-newsy_350x250 lazyload wp-post-image\" alt=\"Ouverture officielle du Tournoi Bel Air Mining \u2013 Troph\u00e9e Amara Sompar\u00e9\" data-src=\"https:\/\/guineechrono.com\/wp-content\/uploads\/2026\/02\/tournoii-350x250.jpg\" data-sizes=\"auto\" data-srcset=\"https:\/\/guineechrono.com\/wp-content\/uploads\/2026\/02\/tournoii-350x250.jpg 350w, https:\/\/guineechrono.com\/wp-content\/uploads\/2026\/02\/tournoii-120x86.jpg 120w\" data-expand=\"700\" \/><\/div><\/a><\/div><div class=\"ak-module-terms badge\"><a class=\"term-45\" href=\"https:\/\/guineechrono.com\/index.php\/category\/sport\/\">SPORT<\/a><\/div>\t\t\t\t<\/div>\n\t\t\t\t<div class=\"ak-module-details\">\n\t\t\t\t\t<h3 class=\"ak-module-title\"><a href=\"https:\/\/guineechrono.com\/index.php\/ouverture-officielle-du-tournoi-bel-air-mining-trophee-amara-sompare\/\" rel=\"bookmark\" title=\"Ouverture officielle du Tournoi Bel Air Mining \u2013 Troph\u00e9e Amara Sompar\u00e9\">Ouverture officielle du Tournoi Bel Air Mining \u2013 Troph\u00e9e Amara Sompar\u00e9<\/a><\/h3><div class=\"ak-module-summary\"><p>Pr\u00e9fecture de Boffa \u2013 La jeunesse des localit\u00e9s de Moriadi et Khoundind\u00e9 a donn\u00e9, ce samedi, le coup d\u2019envoi officiel&hellip;<\/p><\/div><div class=\"ak-module-meta\"><div class=\"ak-module-author\"><a href=\"https:\/\/guineechrono.com\/members\/diasaliou\/\"><img alt='La R\u00e9daction de Guineechrono' src='\/\/www.gravatar.com\/avatar\/bfec2f0e9f9d0d4a8b70d75c8be075bc?s=22&#038;r=g&#038;d=mm' srcset='\/\/www.gravatar.com\/avatar\/bfec2f0e9f9d0d4a8b70d75c8be075bc?s=22&#038;r=g&#038;d=mm 2x' class='avatar avatar-22 photo post-author-avatar' height='22' width='22' \/><\/a>by <a href=\"https:\/\/guineechrono.com\/members\/diasaliou\/\" class=\"ak-module-author-name\">La R\u00e9daction de Guineechrono<\/a><\/div><div class=\"ak-module-time\"><a href=\"https:\/\/guineechrono.com\/index.php\/ouverture-officielle-du-tournoi-bel-air-mining-trophee-amara-sompare\/\" class=\"ak-module-meta-published\"><i class=\"ak-icon akfi-schedule\"><\/i>3 f\u00e9vrier 2026<\/a><\/div> <div class=\"ak-module-view-count\"><i class=\"ak-icon  fa fa-eye\"><\/i><span class=\"count\">7<\/span><\/div><\/div>\t\t\t\t<\/div>\n\t\t\t<\/div>\n\t\t<\/article>\n\t\t\t\t<article class=\"ak-module ak-module-1 clearfix post-39200 post type-post status-publish format-standard has-post-thumbnail  category-sport\">\n\t\t\t<div class=\"ak-module-inner clearfix\">\n\t\t\t\t<div class=\"ak-module-featured\">\n\t\t\t\t\t<div class=\"ak-module-badges\"><\/div><div class=\"ak-featured-cover\"><a href=\"https:\/\/guineechrono.com\/index.php\/can-2025-le-senegal-remporte-la-coupe-au-terme-dune-finale-electrique-face-au-maroc\/\" class=\"ak-featured-link\" rel=\"bookmark\" title=\"CAN 2025 : le S\u00e9n\u00e9gal remporte la Coupe au terme d\u2019une finale \u00e9lectrique face au Maroc\"><div class=\"ak-featured-thumb lazy-thumb size-715\" ><img loading=\"lazy\" decoding=\"async\" width=\"350\" height=\"250\" src=\"data:image\/gif;base64,R0lGODlhAQABAAAAACH5BAEKAAEALAAAAAABAAEAAAICTAEAOw==\" class=\"attachment-newsy_350x250 size-newsy_350x250 lazyload wp-post-image\" alt=\"CAN 2025 : le S\u00e9n\u00e9gal remporte la Coupe au terme d\u2019une finale \u00e9lectrique face au Maroc\" data-src=\"https:\/\/guineechrono.com\/wp-content\/uploads\/2026\/01\/Senegall-350x250.webp\" data-sizes=\"auto\" data-srcset=\"https:\/\/guineechrono.com\/wp-content\/uploads\/2026\/01\/Senegall-350x250.webp 350w, https:\/\/guineechrono.com\/wp-content\/uploads\/2026\/01\/Senegall-120x86.webp 120w, https:\/\/guineechrono.com\/wp-content\/uploads\/2026\/01\/Senegall-750x536.webp 750w\" data-expand=\"700\" \/><\/div><\/a><\/div><div class=\"ak-module-terms badge\"><a class=\"term-45\" href=\"https:\/\/guineechrono.com\/index.php\/category\/sport\/\">SPORT<\/a><\/div>\t\t\t\t<\/div>\n\t\t\t\t<div class=\"ak-module-details\">\n\t\t\t\t\t<h3 class=\"ak-module-title\"><a href=\"https:\/\/guineechrono.com\/index.php\/can-2025-le-senegal-remporte-la-coupe-au-terme-dune-finale-electrique-face-au-maroc\/\" rel=\"bookmark\" title=\"CAN 2025 : le S\u00e9n\u00e9gal remporte la Coupe au terme d\u2019une finale \u00e9lectrique face au Maroc\">CAN 2025 : le S\u00e9n\u00e9gal remporte la Coupe au terme d\u2019une finale \u00e9lectrique face au&hellip;<\/a><\/h3><div class=\"ak-module-summary\"><p>Le S\u00e9n\u00e9gal a remport\u00e9 la Coupe d\u2019Afrique des nations 2025 en s\u2019imposant face au Maroc (1-0), au terme d\u2019une finale&hellip;<\/p><\/div><div class=\"ak-module-meta\"><div class=\"ak-module-author\"><a href=\"https:\/\/guineechrono.com\/members\/diasaliou\/\"><img alt='La R\u00e9daction de Guineechrono' src='\/\/www.gravatar.com\/avatar\/bfec2f0e9f9d0d4a8b70d75c8be075bc?s=22&#038;r=g&#038;d=mm' srcset='\/\/www.gravatar.com\/avatar\/bfec2f0e9f9d0d4a8b70d75c8be075bc?s=22&#038;r=g&#038;d=mm 2x' class='avatar avatar-22 photo post-author-avatar' height='22' width='22' \/><\/a>by <a href=\"https:\/\/guineechrono.com\/members\/diasaliou\/\" class=\"ak-module-author-name\">La R\u00e9daction de Guineechrono<\/a><\/div><div class=\"ak-module-time\"><a href=\"https:\/\/guineechrono.com\/index.php\/can-2025-le-senegal-remporte-la-coupe-au-terme-dune-finale-electrique-face-au-maroc\/\" class=\"ak-module-meta-published\"><i class=\"ak-icon akfi-schedule\"><\/i>19 janvier 2026<\/a><\/div> <div class=\"ak-module-view-count\"><i class=\"ak-icon  fa fa-eye\"><\/i><span class=\"count\">10<\/span><\/div><\/div>\t\t\t\t<\/div>\n\t\t\t<\/div>\n\t\t<\/article>\n\t\t<\/div><\/div><\/div>\t\t\t\t<\/div>\n\t\t\t\t<\/div>\n\t\t\t\t<div class=\"elementor-element elementor-element-855e7e1 elementor-widget elementor-widget-newsy_list_1\" data-id=\"855e7e1\" data-element_type=\"widget\" data-widget_type=\"newsy_list_1.default\">\n\t\t\t\t<div class=\"elementor-widget-container\">\n\t\t\t\t\t<div class=\"ak-block ak-block-list-1  ak-block-numeric-style-4 ak-block-width-3 clearfix\" id=\"block_69f0ab5d3ce18_14\"><style scoped>#block_69f0ab5d3ce18_14 .ak-block-header {--ak-block-header-bg-color:#FF0808;--ak-block-title-icon-color:#F4F4F4;}#block_69f0ab5d3ce18_14:not(.ak-block-width-1) .ak-block-posts { margin-right: -7px; }#block_69f0ab5d3ce18_14 .ak-block-posts .ak-module{ padding-right: 7px; margin-bottom: 7px; }#block_69f0ab5d3ce18_14.ak-block-module-seperator-line .ak-module-inner{ padding-bottom: 7px; }<\/style><div class=\"ak-block-header ak-block-header-style-10 no-tabs\"><h4 class=\"ak-block-title\"><span class=\"title-text\"><i class=\"ak-icon  fa fa-envelope-o\"><\/i><span>Soci\u00e9t\u00e9<\/span><\/span><\/h4><\/div><div class=\"ak-block-inner clearfix\"><div class=\"ak-block-posts clearfix\">\t\t<article class=\"ak-module ak-module-1 clearfix post-40205 post type-post status-publish format-standard has-post-thumbnail  category-featured category-news category-societe\">\n\t\t\t<div class=\"ak-module-inner clearfix\">\n\t\t\t\t<div class=\"ak-module-featured\">\n\t\t\t\t\t<div class=\"ak-module-badges\"><\/div><div class=\"ak-featured-cover\"><a href=\"https:\/\/guineechrono.com\/index.php\/guinee-lancement-officiel-du-groupe-media-afrique-environnement-une-nouvelle-voix-panafricaine-pour-lecologie-et-les-17-odd-2\/\" class=\"ak-featured-link\" rel=\"bookmark\" title=\"Guin\u00e9e : Lancement officiel du Groupe M\u00e9dia Afrique Environnement : une nouvelle voix panafricaine pour l\u2019\u00e9cologie et les 17 ODD.\"><div class=\"ak-featured-thumb lazy-thumb size-715\" ><img decoding=\"async\" width=\"350\" height=\"250\" src=\"data:image\/gif;base64,R0lGODlhAQABAAAAACH5BAEKAAEALAAAAAABAAEAAAICTAEAOw==\" class=\"attachment-newsy_350x250 size-newsy_350x250 lazyload wp-post-image\" alt=\"Guin\u00e9e : Lancement officiel du Groupe M\u00e9dia Afrique Environnement : une nouvelle voix panafricaine pour l\u2019\u00e9cologie et les 17 ODD.\" data-src=\"https:\/\/guineechrono.com\/wp-content\/uploads\/2026\/04\/IMG-20260427-WA0094-350x250.jpg\" data-sizes=\"auto\" data-srcset=\"https:\/\/guineechrono.com\/wp-content\/uploads\/2026\/04\/IMG-20260427-WA0094-350x250.jpg 350w, https:\/\/guineechrono.com\/wp-content\/uploads\/2026\/04\/IMG-20260427-WA0094-120x86.jpg 120w, https:\/\/guineechrono.com\/wp-content\/uploads\/2026\/04\/IMG-20260427-WA0094-750x536.jpg 750w\" data-expand=\"700\" \/><\/div><\/a><\/div><div class=\"ak-module-terms badge\"><a class=\"term-2\" href=\"https:\/\/guineechrono.com\/index.php\/category\/featured\/\">Featured<\/a><\/div>\t\t\t\t<\/div>\n\t\t\t\t<div class=\"ak-module-details\">\n\t\t\t\t\t<h3 class=\"ak-module-title\"><a href=\"https:\/\/guineechrono.com\/index.php\/guinee-lancement-officiel-du-groupe-media-afrique-environnement-une-nouvelle-voix-panafricaine-pour-lecologie-et-les-17-odd-2\/\" rel=\"bookmark\" title=\"Guin\u00e9e : Lancement officiel du Groupe M\u00e9dia Afrique Environnement : une nouvelle voix panafricaine pour l\u2019\u00e9cologie et les 17 ODD.\">Guin\u00e9e : Lancement officiel du Groupe M\u00e9dia Afrique Environnement : une nouvelle&hellip;<\/a><\/h3><div class=\"ak-module-summary\"><p>En R\u00e9publique de Guin\u00e9e, un nouveau m\u00e9dia panafricain sp\u00e9cialis\u00e9 dans le traitement des informations ax\u00e9es sur les 17&hellip;<\/p><\/div><div class=\"ak-module-meta\"><div class=\"ak-module-author\"><a href=\"https:\/\/guineechrono.com\/members\/diasaliou\/\"><img alt='La R\u00e9daction de Guineechrono' src='\/\/www.gravatar.com\/avatar\/bfec2f0e9f9d0d4a8b70d75c8be075bc?s=22&#038;r=g&#038;d=mm' srcset='\/\/www.gravatar.com\/avatar\/bfec2f0e9f9d0d4a8b70d75c8be075bc?s=22&#038;r=g&#038;d=mm 2x' class='avatar avatar-22 photo post-author-avatar' height='22' width='22' \/><\/a>by <a href=\"https:\/\/guineechrono.com\/members\/diasaliou\/\" class=\"ak-module-author-name\">La R\u00e9daction de Guineechrono<\/a><\/div><div class=\"ak-module-time\"><a href=\"https:\/\/guineechrono.com\/index.php\/guinee-lancement-officiel-du-groupe-media-afrique-environnement-une-nouvelle-voix-panafricaine-pour-lecologie-et-les-17-odd-2\/\" class=\"ak-module-meta-published\"><i class=\"ak-icon akfi-schedule\"><\/i>27 avril 2026<\/a><\/div> <div class=\"ak-module-view-count\"><i class=\"ak-icon  fa fa-eye\"><\/i><span class=\"count\">3<\/span><\/div><\/div>\t\t\t\t<\/div>\n\t\t\t<\/div>\n\t\t<\/article>\n\t\t\t\t<article class=\"ak-module ak-module-1 clearfix post-40192 post type-post status-publish format-standard has-post-thumbnail  category-societe\">\n\t\t\t<div class=\"ak-module-inner clearfix\">\n\t\t\t\t<div class=\"ak-module-featured\">\n\t\t\t\t\t<div class=\"ak-module-badges\"><\/div><div class=\"ak-featured-cover\"><a href=\"https:\/\/guineechrono.com\/index.php\/guinee-lancement-officiel-du-groupe-media-afrique-environnement-une-nouvelle-voix-panafricaine-pour-lecologie-et-les-17-odd\/\" class=\"ak-featured-link\" rel=\"bookmark\" title=\"Guin\u00e9e\/lancement officiel du Groupe M\u00e9dia Afrique Environnement, une nouvelle voix panafricaine pour l\u2019\u00e9cologie et les 17 ODD\"><div class=\"ak-featured-thumb lazy-thumb size-715\" ><img loading=\"lazy\" decoding=\"async\" width=\"350\" height=\"250\" src=\"data:image\/gif;base64,R0lGODlhAQABAAAAACH5BAEKAAEALAAAAAABAAEAAAICTAEAOw==\" class=\"attachment-newsy_350x250 size-newsy_350x250 lazyload wp-post-image\" alt=\"Guin\u00e9e\/lancement officiel du Groupe M\u00e9dia Afrique Environnement, une nouvelle voix panafricaine pour l\u2019\u00e9cologie et les 17 ODD\" data-src=\"https:\/\/guineechrono.com\/wp-content\/uploads\/2026\/04\/IMG-20260426-WA0269-350x250.jpg\" data-sizes=\"auto\" data-srcset=\"https:\/\/guineechrono.com\/wp-content\/uploads\/2026\/04\/IMG-20260426-WA0269-350x250.jpg 350w, https:\/\/guineechrono.com\/wp-content\/uploads\/2026\/04\/IMG-20260426-WA0269-120x86.jpg 120w, https:\/\/guineechrono.com\/wp-content\/uploads\/2026\/04\/IMG-20260426-WA0269-750x536.jpg 750w\" data-expand=\"700\" \/><\/div><\/a><\/div><div class=\"ak-module-terms badge\"><a class=\"term-46\" href=\"https:\/\/guineechrono.com\/index.php\/category\/societe\/\">SOCI\u00c9T\u00c9<\/a><\/div>\t\t\t\t<\/div>\n\t\t\t\t<div class=\"ak-module-details\">\n\t\t\t\t\t<h3 class=\"ak-module-title\"><a href=\"https:\/\/guineechrono.com\/index.php\/guinee-lancement-officiel-du-groupe-media-afrique-environnement-une-nouvelle-voix-panafricaine-pour-lecologie-et-les-17-odd\/\" rel=\"bookmark\" title=\"Guin\u00e9e\/lancement officiel du Groupe M\u00e9dia Afrique Environnement, une nouvelle voix panafricaine pour l\u2019\u00e9cologie et les 17 ODD\">Guin\u00e9e\/lancement officiel du Groupe M\u00e9dia Afrique Environnement, une nouvelle voix&hellip;<\/a><\/h3><div class=\"ak-module-summary\"><p>En R\u00e9publique de Guin\u00e9e, un nouveau m\u00e9dia panafricain sp\u00e9cialis\u00e9 dans le traitement des informations ax\u00e9es sur les 17&hellip;<\/p><\/div><div class=\"ak-module-meta\"><div class=\"ak-module-author\"><a href=\"https:\/\/guineechrono.com\/members\/diasaliou\/\"><img alt='La R\u00e9daction de Guineechrono' src='\/\/www.gravatar.com\/avatar\/bfec2f0e9f9d0d4a8b70d75c8be075bc?s=22&#038;r=g&#038;d=mm' srcset='\/\/www.gravatar.com\/avatar\/bfec2f0e9f9d0d4a8b70d75c8be075bc?s=22&#038;r=g&#038;d=mm 2x' class='avatar avatar-22 photo post-author-avatar' height='22' width='22' \/><\/a>by <a href=\"https:\/\/guineechrono.com\/members\/diasaliou\/\" class=\"ak-module-author-name\">La R\u00e9daction de Guineechrono<\/a><\/div><div class=\"ak-module-time\"><a href=\"https:\/\/guineechrono.com\/index.php\/guinee-lancement-officiel-du-groupe-media-afrique-environnement-une-nouvelle-voix-panafricaine-pour-lecologie-et-les-17-odd\/\" class=\"ak-module-meta-published\"><i class=\"ak-icon akfi-schedule\"><\/i>27 avril 2026<\/a><\/div> <div class=\"ak-module-view-count\"><i class=\"ak-icon  fa fa-eye\"><\/i><span class=\"count\">3<\/span><\/div><\/div>\t\t\t\t<\/div>\n\t\t\t<\/div>\n\t\t<\/article>\n\t\t\t\t<article class=\"ak-module ak-module-1 clearfix post-40176 post type-post status-publish format-standard has-post-thumbnail  category-societe\">\n\t\t\t<div class=\"ak-module-inner clearfix\">\n\t\t\t\t<div class=\"ak-module-featured\">\n\t\t\t\t\t<div class=\"ak-module-badges\"><\/div><div class=\"ak-featured-cover\"><a href=\"https:\/\/guineechrono.com\/index.php\/feminia-2026-mariam-daf-lance-un-appel-fort-a-lendroit-des-femmes\/\" class=\"ak-featured-link\" rel=\"bookmark\" title=\"Feminia 2026 : Mariam Daf lance un appel fort \u00e0 l\u2019endroit des femmes\"><div class=\"ak-featured-thumb lazy-thumb size-715\" ><img loading=\"lazy\" decoding=\"async\" width=\"350\" height=\"250\" src=\"data:image\/gif;base64,R0lGODlhAQABAAAAACH5BAEKAAEALAAAAAABAAEAAAICTAEAOw==\" class=\"attachment-newsy_350x250 size-newsy_350x250 lazyload wp-post-image\" alt=\"Feminia 2026 : Mariam Daf lance un appel fort \u00e0 l\u2019endroit des femmes\" data-src=\"https:\/\/guineechrono.com\/wp-content\/uploads\/2026\/04\/daff-350x250.jpg\" data-sizes=\"auto\" data-srcset=\"https:\/\/guineechrono.com\/wp-content\/uploads\/2026\/04\/daff-350x250.jpg 350w, https:\/\/guineechrono.com\/wp-content\/uploads\/2026\/04\/daff-120x86.jpg 120w, https:\/\/guineechrono.com\/wp-content\/uploads\/2026\/04\/daff-750x536.jpg 750w\" data-expand=\"700\" \/><\/div><\/a><\/div><div class=\"ak-module-terms badge\"><a class=\"term-46\" href=\"https:\/\/guineechrono.com\/index.php\/category\/societe\/\">SOCI\u00c9T\u00c9<\/a><\/div>\t\t\t\t<\/div>\n\t\t\t\t<div class=\"ak-module-details\">\n\t\t\t\t\t<h3 class=\"ak-module-title\"><a href=\"https:\/\/guineechrono.com\/index.php\/feminia-2026-mariam-daf-lance-un-appel-fort-a-lendroit-des-femmes\/\" rel=\"bookmark\" title=\"Feminia 2026 : Mariam Daf lance un appel fort \u00e0 l\u2019endroit des femmes\">Feminia 2026 : Mariam Daf lance un appel fort \u00e0 l\u2019endroit des femmes<\/a><\/h3><div class=\"ak-module-summary\"><p>La 5\u1d49 \u00e9dition du Salon international de l\u2019entrepreneuriat f\u00e9minin de Guin\u00e9e (Feminia 2026) a \u00e9t\u00e9 officiellement lanc\u00e9e&hellip;<\/p><\/div><div class=\"ak-module-meta\"><div class=\"ak-module-author\"><a href=\"https:\/\/guineechrono.com\/members\/diasaliou\/\"><img alt='La R\u00e9daction de Guineechrono' src='\/\/www.gravatar.com\/avatar\/bfec2f0e9f9d0d4a8b70d75c8be075bc?s=22&#038;r=g&#038;d=mm' srcset='\/\/www.gravatar.com\/avatar\/bfec2f0e9f9d0d4a8b70d75c8be075bc?s=22&#038;r=g&#038;d=mm 2x' class='avatar avatar-22 photo post-author-avatar' height='22' width='22' \/><\/a>by <a href=\"https:\/\/guineechrono.com\/members\/diasaliou\/\" class=\"ak-module-author-name\">La R\u00e9daction de Guineechrono<\/a><\/div><div class=\"ak-module-time\"><a href=\"https:\/\/guineechrono.com\/index.php\/feminia-2026-mariam-daf-lance-un-appel-fort-a-lendroit-des-femmes\/\" class=\"ak-module-meta-published\"><i class=\"ak-icon akfi-schedule\"><\/i>24 avril 2026<\/a><\/div> <div class=\"ak-module-view-count\"><i class=\"ak-icon  fa fa-eye\"><\/i><span class=\"count\">4<\/span><\/div><\/div>\t\t\t\t<\/div>\n\t\t\t<\/div>\n\t\t<\/article>\n\t\t\t\t<article class=\"ak-module ak-module-1 clearfix post-40169 post type-post status-publish format-standard has-post-thumbnail  category-societe\">\n\t\t\t<div class=\"ak-module-inner clearfix\">\n\t\t\t\t<div class=\"ak-module-featured\">\n\t\t\t\t\t<div class=\"ak-module-badges\"><\/div><div class=\"ak-featured-cover\"><a href=\"https:\/\/guineechrono.com\/index.php\/conakry-lancement-de-la-cinquieme-edition-du-salon-de-lentrepreneuriat-feminin-de-guinee\/\" class=\"ak-featured-link\" rel=\"bookmark\" title=\"Conakry : lancement de la cinqui\u00e8me \u00e9dition du salon de l\u2019entrepreneuriat f\u00e9minin de Guin\u00e9e\"><div class=\"ak-featured-thumb lazy-thumb size-715\" ><img loading=\"lazy\" decoding=\"async\" width=\"350\" height=\"250\" src=\"data:image\/gif;base64,R0lGODlhAQABAAAAACH5BAEKAAEALAAAAAABAAEAAAICTAEAOw==\" class=\"attachment-newsy_350x250 size-newsy_350x250 lazyload wp-post-image\" alt=\"Conakry : lancement de la 5\u1d49 \u00e9dition du salon de l\u2019entrepreneuriat f\u00e9minin de Guin\u00e9e\" data-src=\"https:\/\/guineechrono.com\/wp-content\/uploads\/2026\/04\/ssalon-1-350x250.jpg\" data-sizes=\"auto\" data-srcset=\"https:\/\/guineechrono.com\/wp-content\/uploads\/2026\/04\/ssalon-1-350x250.jpg 350w, https:\/\/guineechrono.com\/wp-content\/uploads\/2026\/04\/ssalon-1-120x86.jpg 120w, https:\/\/guineechrono.com\/wp-content\/uploads\/2026\/04\/ssalon-1-750x536.jpg 750w\" data-expand=\"700\" \/><\/div><\/a><\/div><div class=\"ak-module-terms badge\"><a class=\"term-46\" href=\"https:\/\/guineechrono.com\/index.php\/category\/societe\/\">SOCI\u00c9T\u00c9<\/a><\/div>\t\t\t\t<\/div>\n\t\t\t\t<div class=\"ak-module-details\">\n\t\t\t\t\t<h3 class=\"ak-module-title\"><a href=\"https:\/\/guineechrono.com\/index.php\/conakry-lancement-de-la-cinquieme-edition-du-salon-de-lentrepreneuriat-feminin-de-guinee\/\" rel=\"bookmark\" title=\"Conakry : lancement de la cinqui\u00e8me \u00e9dition du salon de l\u2019entrepreneuriat f\u00e9minin de Guin\u00e9e\">Conakry : lancement de la cinqui\u00e8me \u00e9dition du salon de l\u2019entrepreneuriat f\u00e9minin&hellip;<\/a><\/h3><div class=\"ak-module-summary\"><p>La 5\u1d49 \u00e9dition du Salon International de l\u2019Entrepreneuriat F\u00e9minin de Guin\u00e9e (Feminia 2026) a \u00e9t\u00e9 officiellement lanc\u00e9e&hellip;<\/p><\/div><div class=\"ak-module-meta\"><div class=\"ak-module-author\"><a href=\"https:\/\/guineechrono.com\/members\/diasaliou\/\"><img alt='La R\u00e9daction de Guineechrono' src='\/\/www.gravatar.com\/avatar\/bfec2f0e9f9d0d4a8b70d75c8be075bc?s=22&#038;r=g&#038;d=mm' srcset='\/\/www.gravatar.com\/avatar\/bfec2f0e9f9d0d4a8b70d75c8be075bc?s=22&#038;r=g&#038;d=mm 2x' class='avatar avatar-22 photo post-author-avatar' height='22' width='22' \/><\/a>by <a href=\"https:\/\/guineechrono.com\/members\/diasaliou\/\" class=\"ak-module-author-name\">La R\u00e9daction de Guineechrono<\/a><\/div><div class=\"ak-module-time\"><a href=\"https:\/\/guineechrono.com\/index.php\/conakry-lancement-de-la-cinquieme-edition-du-salon-de-lentrepreneuriat-feminin-de-guinee\/\" class=\"ak-module-meta-published\"><i class=\"ak-icon akfi-schedule\"><\/i>24 avril 2026<\/a><\/div> <div class=\"ak-module-view-count\"><i class=\"ak-icon  fa fa-eye\"><\/i><span class=\"count\">5<\/span><\/div><\/div>\t\t\t\t<\/div>\n\t\t\t<\/div>\n\t\t<\/article>\n\t\t<\/div><\/div><\/div>\t\t\t\t<\/div>\n\t\t\t\t<\/div>\n\t\t\t\t<div class=\"elementor-element elementor-element-a02687b elementor-widget elementor-widget-newsy_list_1\" data-id=\"a02687b\" data-element_type=\"widget\" data-widget_type=\"newsy_list_1.default\">\n\t\t\t\t<div class=\"elementor-widget-container\">\n\t\t\t\t\t<div class=\"ak-block ak-block-list-1  ak-block-numeric-style-4 ak-block-width-3 clearfix\" id=\"block_69f0ab5d3ce18_15\"><style scoped>#block_69f0ab5d3ce18_15 .ak-block-header {--ak-block-header-bg-color:#FF0808;--ak-block-title-icon-color:#F4F4F4;}#block_69f0ab5d3ce18_15:not(.ak-block-width-1) .ak-block-posts { margin-right: -7px; }#block_69f0ab5d3ce18_15 .ak-block-posts .ak-module{ padding-right: 7px; margin-bottom: 7px; }#block_69f0ab5d3ce18_15.ak-block-module-seperator-line .ak-module-inner{ padding-bottom: 7px; }<\/style><div class=\"ak-block-header ak-block-header-style-10 no-tabs\"><h4 class=\"ak-block-title\"><span class=\"title-text\"><i class=\"ak-icon  fa fa-envelope-o\"><\/i><span>Culture<\/span><\/span><\/h4><\/div><div class=\"ak-block-inner clearfix\"><div class=\"ak-block-posts clearfix\">\t\t<article class=\"ak-module ak-module-1 clearfix post-40130 post type-post status-publish format-standard has-post-thumbnail  category-culture\">\n\t\t\t<div class=\"ak-module-inner clearfix\">\n\t\t\t\t<div class=\"ak-module-featured\">\n\t\t\t\t\t<div class=\"ak-module-badges\"><\/div><div class=\"ak-featured-cover\"><a href=\"https:\/\/guineechrono.com\/index.php\/culture-les-couleurs-de-la-11e-edition-du-festival-international-de-la-culture-et-de-lopportunite-devoilees-a-conakry\/\" class=\"ak-featured-link\" rel=\"bookmark\" title=\"Culture : les couleurs de la 11\u00e8 \u00e9dition du festival international de la culture et de l\u2019opportunit\u00e9 d\u00e9voil\u00e9es \u00e0 Conakry\"><div class=\"ak-featured-thumb lazy-thumb size-715\" ><img loading=\"lazy\" decoding=\"async\" width=\"350\" height=\"250\" src=\"data:image\/gif;base64,R0lGODlhAQABAAAAACH5BAEKAAEALAAAAAABAAEAAAICTAEAOw==\" class=\"attachment-newsy_350x250 size-newsy_350x250 lazyload wp-post-image\" alt=\"Culture : les couleurs de la 11\u1d49 \u00e9dition du Festival International de la Culture et de l\u2019Opportunit\u00e9 (FICO) d\u00e9voil\u00e9es \u00e0 Conakry\" data-src=\"https:\/\/guineechrono.com\/wp-content\/uploads\/2026\/04\/FICO-350x250.jpg\" data-sizes=\"auto\" data-srcset=\"https:\/\/guineechrono.com\/wp-content\/uploads\/2026\/04\/FICO-350x250.jpg 350w, https:\/\/guineechrono.com\/wp-content\/uploads\/2026\/04\/FICO-120x86.jpg 120w, https:\/\/guineechrono.com\/wp-content\/uploads\/2026\/04\/FICO-750x536.jpg 750w\" data-expand=\"700\" \/><\/div><\/a><\/div><div class=\"ak-module-terms badge\"><a class=\"term-47\" href=\"https:\/\/guineechrono.com\/index.php\/category\/culture\/\">CULTURE<\/a><\/div>\t\t\t\t<\/div>\n\t\t\t\t<div class=\"ak-module-details\">\n\t\t\t\t\t<h3 class=\"ak-module-title\"><a href=\"https:\/\/guineechrono.com\/index.php\/culture-les-couleurs-de-la-11e-edition-du-festival-international-de-la-culture-et-de-lopportunite-devoilees-a-conakry\/\" rel=\"bookmark\" title=\"Culture : les couleurs de la 11\u00e8 \u00e9dition du festival international de la culture et de l\u2019opportunit\u00e9 d\u00e9voil\u00e9es \u00e0 Conakry\">Culture : les couleurs de la 11\u00e8 \u00e9dition du festival international de la culture&hellip;<\/a><\/h3><div class=\"ak-module-summary\"><p>La structure Promo Guin\u00e9e, en partenariat avec l\u2019ONG Kadiza Silatigui Doumbouya, a officiellement annonc\u00e9 les couleurs&hellip;<\/p><\/div><div class=\"ak-module-meta\"><div class=\"ak-module-author\"><a href=\"https:\/\/guineechrono.com\/members\/diasaliou\/\"><img alt='La R\u00e9daction de Guineechrono' src='\/\/www.gravatar.com\/avatar\/bfec2f0e9f9d0d4a8b70d75c8be075bc?s=22&#038;r=g&#038;d=mm' srcset='\/\/www.gravatar.com\/avatar\/bfec2f0e9f9d0d4a8b70d75c8be075bc?s=22&#038;r=g&#038;d=mm 2x' class='avatar avatar-22 photo post-author-avatar' height='22' width='22' \/><\/a>by <a href=\"https:\/\/guineechrono.com\/members\/diasaliou\/\" class=\"ak-module-author-name\">La R\u00e9daction de Guineechrono<\/a><\/div><div class=\"ak-module-time\"><a href=\"https:\/\/guineechrono.com\/index.php\/culture-les-couleurs-de-la-11e-edition-du-festival-international-de-la-culture-et-de-lopportunite-devoilees-a-conakry\/\" class=\"ak-module-meta-published\"><i class=\"ak-icon akfi-schedule\"><\/i>21 avril 2026<\/a><\/div> <div class=\"ak-module-view-count\"><i class=\"ak-icon  fa fa-eye\"><\/i><span class=\"count\">4<\/span><\/div><\/div>\t\t\t\t<\/div>\n\t\t\t<\/div>\n\t\t<\/article>\n\t\t\t\t<article class=\"ak-module ak-module-1 clearfix post-40014 post type-post status-publish format-standard has-post-thumbnail  category-culture\">\n\t\t\t<div class=\"ak-module-inner clearfix\">\n\t\t\t\t<div class=\"ak-module-featured\">\n\t\t\t\t\t<div class=\"ak-module-badges\"><\/div><div class=\"ak-featured-cover\"><a href=\"https:\/\/guineechrono.com\/index.php\/paques-la-cge-gui-adresse-ses-voeux-a-la-communaute-chretienne\/\" class=\"ak-featured-link\" rel=\"bookmark\" title=\"P\u00e2ques : la CGE-GUI adresse ses v\u0153ux \u00e0 la communaut\u00e9 chr\u00e9tienne\"><div class=\"ak-featured-thumb lazy-thumb size-715\" ><img loading=\"lazy\" decoding=\"async\" width=\"350\" height=\"250\" src=\"data:image\/gif;base64,R0lGODlhAQABAAAAACH5BAEKAAEALAAAAAABAAEAAAICTAEAOw==\" class=\"attachment-newsy_350x250 size-newsy_350x250 lazyload wp-post-image\" alt=\"P\u00e2ques : la CGE-GUI adresse ses v\u0153ux \u00e0 la communaut\u00e9 chr\u00e9tienne\" data-src=\"https:\/\/guineechrono.com\/wp-content\/uploads\/2026\/04\/1775496659155-350x250.jpg\" data-sizes=\"auto\" data-srcset=\"https:\/\/guineechrono.com\/wp-content\/uploads\/2026\/04\/1775496659155-350x250.jpg 350w, https:\/\/guineechrono.com\/wp-content\/uploads\/2026\/04\/1775496659155-120x86.jpg 120w, https:\/\/guineechrono.com\/wp-content\/uploads\/2026\/04\/1775496659155-750x536.jpg 750w\" data-expand=\"700\" \/><\/div><\/a><\/div><div class=\"ak-module-terms badge\"><a class=\"term-47\" href=\"https:\/\/guineechrono.com\/index.php\/category\/culture\/\">CULTURE<\/a><\/div>\t\t\t\t<\/div>\n\t\t\t\t<div class=\"ak-module-details\">\n\t\t\t\t\t<h3 class=\"ak-module-title\"><a href=\"https:\/\/guineechrono.com\/index.php\/paques-la-cge-gui-adresse-ses-voeux-a-la-communaute-chretienne\/\" rel=\"bookmark\" title=\"P\u00e2ques : la CGE-GUI adresse ses v\u0153ux \u00e0 la communaut\u00e9 chr\u00e9tienne\">P\u00e2ques : la CGE-GUI adresse ses v\u0153ux \u00e0 la communaut\u00e9 chr\u00e9tienne<\/a><\/h3><div class=\"ak-module-summary\"><p>\u00c0 l\u2019occasion de la c\u00e9l\u00e9bration de la f\u00eate de P\u00e2ques, la Conf\u00e9d\u00e9ration G\u00e9n\u00e9rale des Entreprises de Guin\u00e9e (CGE-GUI) a&hellip;<\/p><\/div><div class=\"ak-module-meta\"><div class=\"ak-module-author\"><a href=\"https:\/\/guineechrono.com\/members\/diasaliou\/\"><img alt='La R\u00e9daction de Guineechrono' src='\/\/www.gravatar.com\/avatar\/bfec2f0e9f9d0d4a8b70d75c8be075bc?s=22&#038;r=g&#038;d=mm' srcset='\/\/www.gravatar.com\/avatar\/bfec2f0e9f9d0d4a8b70d75c8be075bc?s=22&#038;r=g&#038;d=mm 2x' class='avatar avatar-22 photo post-author-avatar' height='22' width='22' \/><\/a>by <a href=\"https:\/\/guineechrono.com\/members\/diasaliou\/\" class=\"ak-module-author-name\">La R\u00e9daction de Guineechrono<\/a><\/div><div class=\"ak-module-time\"><a href=\"https:\/\/guineechrono.com\/index.php\/paques-la-cge-gui-adresse-ses-voeux-a-la-communaute-chretienne\/\" class=\"ak-module-meta-published\"><i class=\"ak-icon akfi-schedule\"><\/i>6 avril 2026<\/a><\/div> <div class=\"ak-module-view-count\"><i class=\"ak-icon  fa fa-eye\"><\/i><span class=\"count\">5<\/span><\/div><\/div>\t\t\t\t<\/div>\n\t\t\t<\/div>\n\t\t<\/article>\n\t\t\t\t<article class=\"ak-module ak-module-1 clearfix post-39855 post type-post status-publish format-standard has-post-thumbnail  category-culture\">\n\t\t\t<div class=\"ak-module-inner clearfix\">\n\t\t\t\t<div class=\"ak-module-featured\">\n\t\t\t\t\t<div class=\"ak-module-badges\"><\/div><div class=\"ak-featured-cover\"><a href=\"https:\/\/guineechrono.com\/index.php\/fete-de-laid-el-fitr-la-secretaire-generale-de-la-cge-gui-adresse-ses-voeux-a-la-communaute-musulmane\/\" class=\"ak-featured-link\" rel=\"bookmark\" title=\"F\u00eate de l\u2019A\u00efd El-Fitr : la Secr\u00e9taire g\u00e9n\u00e9rale de la CGE-GUI adresse ses v\u0153ux \u00e0 la communaut\u00e9 musulmane\"><div class=\"ak-featured-thumb lazy-thumb size-715\" ><img loading=\"lazy\" decoding=\"async\" width=\"350\" height=\"250\" src=\"data:image\/gif;base64,R0lGODlhAQABAAAAACH5BAEKAAEALAAAAAABAAEAAAICTAEAOw==\" class=\"attachment-newsy_350x250 size-newsy_350x250 lazyload wp-post-image\" alt=\"F\u00eate de l\u2019A\u00efd El-Fitr : la Secr\u00e9taire g\u00e9n\u00e9rale de la CGE-GUI adresse ses v\u0153ux \u00e0 la communaut\u00e9 musulmane\" data-src=\"https:\/\/guineechrono.com\/wp-content\/uploads\/2026\/03\/1774110759742-350x250.jpg\" data-sizes=\"auto\" data-srcset=\"https:\/\/guineechrono.com\/wp-content\/uploads\/2026\/03\/1774110759742-350x250.jpg 350w, https:\/\/guineechrono.com\/wp-content\/uploads\/2026\/03\/1774110759742-120x86.jpg 120w, https:\/\/guineechrono.com\/wp-content\/uploads\/2026\/03\/1774110759742-750x536.jpg 750w\" data-expand=\"700\" \/><\/div><\/a><\/div><div class=\"ak-module-terms badge\"><a class=\"term-47\" href=\"https:\/\/guineechrono.com\/index.php\/category\/culture\/\">CULTURE<\/a><\/div>\t\t\t\t<\/div>\n\t\t\t\t<div class=\"ak-module-details\">\n\t\t\t\t\t<h3 class=\"ak-module-title\"><a href=\"https:\/\/guineechrono.com\/index.php\/fete-de-laid-el-fitr-la-secretaire-generale-de-la-cge-gui-adresse-ses-voeux-a-la-communaute-musulmane\/\" rel=\"bookmark\" title=\"F\u00eate de l\u2019A\u00efd El-Fitr : la Secr\u00e9taire g\u00e9n\u00e9rale de la CGE-GUI adresse ses v\u0153ux \u00e0 la communaut\u00e9 musulmane\">F\u00eate de l\u2019A\u00efd El-Fitr : la Secr\u00e9taire g\u00e9n\u00e9rale de la CGE-GUI adresse ses v\u0153ux \u00e0 la&hellip;<\/a><\/h3><div class=\"ak-module-summary\"><p>La communaut\u00e9 musulmane de Guin\u00e9e a c\u00e9l\u00e9br\u00e9, ce vendredi 20 mars 2026, la f\u00eate de l\u2019A\u00efd El-Fitr, marquant la fin du&hellip;<\/p><\/div><div class=\"ak-module-meta\"><div class=\"ak-module-author\"><a href=\"https:\/\/guineechrono.com\/members\/diasaliou\/\"><img alt='La R\u00e9daction de Guineechrono' src='\/\/www.gravatar.com\/avatar\/bfec2f0e9f9d0d4a8b70d75c8be075bc?s=22&#038;r=g&#038;d=mm' srcset='\/\/www.gravatar.com\/avatar\/bfec2f0e9f9d0d4a8b70d75c8be075bc?s=22&#038;r=g&#038;d=mm 2x' class='avatar avatar-22 photo post-author-avatar' height='22' width='22' \/><\/a>by <a href=\"https:\/\/guineechrono.com\/members\/diasaliou\/\" class=\"ak-module-author-name\">La R\u00e9daction de Guineechrono<\/a><\/div><div class=\"ak-module-time\"><a href=\"https:\/\/guineechrono.com\/index.php\/fete-de-laid-el-fitr-la-secretaire-generale-de-la-cge-gui-adresse-ses-voeux-a-la-communaute-musulmane\/\" class=\"ak-module-meta-published\"><i class=\"ak-icon akfi-schedule\"><\/i>21 mars 2026<\/a><\/div> <div class=\"ak-module-view-count\"><i class=\"ak-icon  fa fa-eye\"><\/i><span class=\"count\">4<\/span><\/div><\/div>\t\t\t\t<\/div>\n\t\t\t<\/div>\n\t\t<\/article>\n\t\t\t\t<article class=\"ak-module ak-module-1 clearfix post-39680 post type-post status-publish format-standard has-post-thumbnail  category-culture\">\n\t\t\t<div class=\"ak-module-inner clearfix\">\n\t\t\t\t<div class=\"ak-module-featured\">\n\t\t\t\t\t<div class=\"ak-module-badges\"><\/div><div class=\"ak-featured-cover\"><a href=\"https:\/\/guineechrono.com\/index.php\/ramadan-lassociation-kania-diye-organise-une-rupture-collective-a-conakry\/\" class=\"ak-featured-link\" rel=\"bookmark\" title=\"Ramadan : l\u2019association Kania Diy\u00e9 organise une rupture collective \u00e0 Conakry\"><div class=\"ak-featured-thumb lazy-thumb size-715\" ><img loading=\"lazy\" decoding=\"async\" width=\"350\" height=\"250\" src=\"data:image\/gif;base64,R0lGODlhAQABAAAAACH5BAEKAAEALAAAAAABAAEAAAICTAEAOw==\" class=\"attachment-newsy_350x250 size-newsy_350x250 lazyload wp-post-image\" alt=\"Ramadan : l\u2019association Kania Diy\u00e9 organise une rupture collective \u00e0 Conakry\" data-src=\"https:\/\/guineechrono.com\/wp-content\/uploads\/2026\/03\/ramadans-350x250.webp\" data-sizes=\"auto\" data-srcset=\"https:\/\/guineechrono.com\/wp-content\/uploads\/2026\/03\/ramadans-350x250.webp 350w, https:\/\/guineechrono.com\/wp-content\/uploads\/2026\/03\/ramadans-120x86.webp 120w, https:\/\/guineechrono.com\/wp-content\/uploads\/2026\/03\/ramadans-750x536.webp 750w\" data-expand=\"700\" \/><\/div><\/a><\/div><div class=\"ak-module-terms badge\"><a class=\"term-47\" href=\"https:\/\/guineechrono.com\/index.php\/category\/culture\/\">CULTURE<\/a><\/div>\t\t\t\t<\/div>\n\t\t\t\t<div class=\"ak-module-details\">\n\t\t\t\t\t<h3 class=\"ak-module-title\"><a href=\"https:\/\/guineechrono.com\/index.php\/ramadan-lassociation-kania-diye-organise-une-rupture-collective-a-conakry\/\" rel=\"bookmark\" title=\"Ramadan : l\u2019association Kania Diy\u00e9 organise une rupture collective \u00e0 Conakry\">Ramadan : l\u2019association Kania Diy\u00e9 organise une rupture collective \u00e0 Conakry<\/a><\/h3><div class=\"ak-module-summary\"><p>\u00c0 l\u2019occasion du mois saint de Ramadan, l\u2019association Kania Diy\u00e9 a organis\u00e9, ce jeudi 5 mars 2026 \u00e0 Conakry, une rupture&hellip;<\/p><\/div><div class=\"ak-module-meta\"><div class=\"ak-module-author\"><a href=\"https:\/\/guineechrono.com\/members\/diasaliou\/\"><img alt='La R\u00e9daction de Guineechrono' src='\/\/www.gravatar.com\/avatar\/bfec2f0e9f9d0d4a8b70d75c8be075bc?s=22&#038;r=g&#038;d=mm' srcset='\/\/www.gravatar.com\/avatar\/bfec2f0e9f9d0d4a8b70d75c8be075bc?s=22&#038;r=g&#038;d=mm 2x' class='avatar avatar-22 photo post-author-avatar' height='22' width='22' \/><\/a>by <a href=\"https:\/\/guineechrono.com\/members\/diasaliou\/\" class=\"ak-module-author-name\">La R\u00e9daction de Guineechrono<\/a><\/div><div class=\"ak-module-time\"><a href=\"https:\/\/guineechrono.com\/index.php\/ramadan-lassociation-kania-diye-organise-une-rupture-collective-a-conakry\/\" class=\"ak-module-meta-published\"><i class=\"ak-icon akfi-schedule\"><\/i>6 mars 2026<\/a><\/div> <div class=\"ak-module-view-count\"><i class=\"ak-icon  fa fa-eye\"><\/i><span class=\"count\">7<\/span><\/div><\/div>\t\t\t\t<\/div>\n\t\t\t<\/div>\n\t\t<\/article>\n\t\t<\/div><\/div><\/div>\t\t\t\t<\/div>\n\t\t\t\t<\/div>\n\t\t\t\t<div class=\"elementor-element elementor-element-2a5e8fa elementor-widget elementor-widget-newsy_list_1\" data-id=\"2a5e8fa\" data-element_type=\"widget\" data-widget_type=\"newsy_list_1.default\">\n\t\t\t\t<div class=\"elementor-widget-container\">\n\t\t\t\t\t<div class=\"ak-block ak-block-list-1  ak-block-numeric-style-4 ak-block-width-3 clearfix\" id=\"block_69f0ab5d3ce18_16\"><style scoped>#block_69f0ab5d3ce18_16 .ak-block-header {--ak-block-header-bg-color:#FF0808;--ak-block-title-icon-color:#F4F4F4;}#block_69f0ab5d3ce18_16:not(.ak-block-width-1) .ak-block-posts { margin-right: -7px; }#block_69f0ab5d3ce18_16 .ak-block-posts .ak-module{ padding-right: 7px; margin-bottom: 7px; }#block_69f0ab5d3ce18_16.ak-block-module-seperator-line .ak-module-inner{ padding-bottom: 7px; }<\/style><div class=\"ak-block-header ak-block-header-style-10 no-tabs\"><h4 class=\"ak-block-title\"><span class=\"title-text\"><i class=\"ak-icon  fa fa-envelope-o\"><\/i><span>Reportage<\/span><\/span><\/h4><\/div><div class=\"ak-block-inner clearfix\"><div class=\"ak-block-posts clearfix\">\t\t<article class=\"ak-module ak-module-1 clearfix post-34162 post type-post status-publish format-standard has-post-thumbnail  category-featured category-news category-reportage\">\n\t\t\t<div class=\"ak-module-inner clearfix\">\n\t\t\t\t<div class=\"ak-module-featured\">\n\t\t\t\t\t<div class=\"ak-module-badges\"><\/div><div class=\"ak-featured-cover\"><a href=\"https:\/\/guineechrono.com\/index.php\/interview-exclusive-le-dn-de-la-datu-amadou-doumbouya-ambitionne-de-faire-conakry-une-ville-moderne\/\" class=\"ak-featured-link\" rel=\"bookmark\" title=\"Interview Exclusive : le DN de la DATU, Amadou Doumbouya ambitionne de faire Conakry, une ville moderne\"><div class=\"ak-featured-thumb lazy-thumb size-715\" ><img loading=\"lazy\" decoding=\"async\" width=\"333\" height=\"250\" src=\"data:image\/gif;base64,R0lGODlhAQABAAAAACH5BAEKAAEALAAAAAABAAEAAAICTAEAOw==\" class=\"attachment-newsy_350x250 size-newsy_350x250 lazyload wp-post-image\" alt=\"Interview Exclusive : le DN de la DATU, Amadou Doumbouya ambitionne de faire Conakry, une ville moderne\" data-src=\"https:\/\/guineechrono.com\/wp-content\/uploads\/2024\/10\/IMG-20241022-WA0005.jpg\" data-sizes=\"auto\" data-srcset=\"https:\/\/guineechrono.com\/wp-content\/uploads\/2024\/10\/IMG-20241022-WA0005.jpg 1080w, https:\/\/guineechrono.com\/wp-content\/uploads\/2024\/10\/IMG-20241022-WA0005-300x225.jpg 300w, https:\/\/guineechrono.com\/wp-content\/uploads\/2024\/10\/IMG-20241022-WA0005-1024x768.jpg 1024w, https:\/\/guineechrono.com\/wp-content\/uploads\/2024\/10\/IMG-20241022-WA0005-768x576.jpg 768w, https:\/\/guineechrono.com\/wp-content\/uploads\/2024\/10\/IMG-20241022-WA0005-80x60.jpg 80w, https:\/\/guineechrono.com\/wp-content\/uploads\/2024\/10\/IMG-20241022-WA0005-265x198.jpg 265w, https:\/\/guineechrono.com\/wp-content\/uploads\/2024\/10\/IMG-20241022-WA0005-696x522.jpg 696w, https:\/\/guineechrono.com\/wp-content\/uploads\/2024\/10\/IMG-20241022-WA0005-1068x801.jpg 1068w, https:\/\/guineechrono.com\/wp-content\/uploads\/2024\/10\/IMG-20241022-WA0005-560x420.jpg 560w\" data-expand=\"700\" \/><\/div><\/a><\/div><div class=\"ak-module-terms badge\"><a class=\"term-2\" href=\"https:\/\/guineechrono.com\/index.php\/category\/featured\/\">Featured<\/a><\/div>\t\t\t\t<\/div>\n\t\t\t\t<div class=\"ak-module-details\">\n\t\t\t\t\t<h3 class=\"ak-module-title\"><a href=\"https:\/\/guineechrono.com\/index.php\/interview-exclusive-le-dn-de-la-datu-amadou-doumbouya-ambitionne-de-faire-conakry-une-ville-moderne\/\" rel=\"bookmark\" title=\"Interview Exclusive : le DN de la DATU, Amadou Doumbouya ambitionne de faire Conakry, une ville moderne\">Interview Exclusive : le DN de la DATU, Amadou Doumbouya ambitionne de faire&hellip;<\/a><\/h3><div class=\"ak-module-summary\"><p>La Direction Nationale de l\u2019Am\u00e9nagement du Territoire et de l\u2019Urbanisme est l\u2019une des Directions tr\u00e8s strat\u00e9gique&hellip;<\/p><\/div><div class=\"ak-module-meta\"><div class=\"ak-module-author\"><a href=\"https:\/\/guineechrono.com\/members\/diasaliou\/\"><img alt='La R\u00e9daction de Guineechrono' src='\/\/www.gravatar.com\/avatar\/bfec2f0e9f9d0d4a8b70d75c8be075bc?s=22&#038;r=g&#038;d=mm' srcset='\/\/www.gravatar.com\/avatar\/bfec2f0e9f9d0d4a8b70d75c8be075bc?s=22&#038;r=g&#038;d=mm 2x' class='avatar avatar-22 photo post-author-avatar' height='22' width='22' \/><\/a>by <a href=\"https:\/\/guineechrono.com\/members\/diasaliou\/\" class=\"ak-module-author-name\">La R\u00e9daction de Guineechrono<\/a><\/div><div class=\"ak-module-time\"><a href=\"https:\/\/guineechrono.com\/index.php\/interview-exclusive-le-dn-de-la-datu-amadou-doumbouya-ambitionne-de-faire-conakry-une-ville-moderne\/\" class=\"ak-module-meta-published\"><i class=\"ak-icon akfi-schedule\"><\/i>22 octobre 2024<\/a><\/div> <div class=\"ak-module-view-count\"><i class=\"ak-icon  fa fa-eye\"><\/i><span class=\"count\">31<\/span><\/div><\/div>\t\t\t\t<\/div>\n\t\t\t<\/div>\n\t\t<\/article>\n\t\t\t\t<article class=\"ak-module ak-module-1 clearfix post-31540 post type-post status-publish format-standard has-post-thumbnail  category-reportage\">\n\t\t\t<div class=\"ak-module-inner clearfix\">\n\t\t\t\t<div class=\"ak-module-featured\">\n\t\t\t\t\t<div class=\"ak-module-badges\"><\/div><div class=\"ak-featured-cover\"><a href=\"https:\/\/guineechrono.com\/index.php\/afro-hair-beauty-festival-les-couleurs-de-la-premiere-edition-annoncees\/\" class=\"ak-featured-link\" rel=\"bookmark\" title=\"AFRO HAIR BEAUTY FESTIVAL : les couleurs de la premi\u00e8re \u00e9dition annonc\u00e9es\"><div class=\"ak-featured-thumb lazy-thumb size-715\" ><img loading=\"lazy\" decoding=\"async\" width=\"186\" height=\"250\" src=\"data:image\/gif;base64,R0lGODlhAQABAAAAACH5BAEKAAEALAAAAAABAAEAAAICTAEAOw==\" class=\"attachment-newsy_350x250 size-newsy_350x250 lazyload wp-post-image\" alt=\"AFRO HAIR BEAUTY FESTIVAL : les couleurs de la premi\u00e8re \u00e9dition annonc\u00e9es\" data-src=\"https:\/\/guineechrono.com\/wp-content\/uploads\/2023\/09\/afro.jpg\" data-sizes=\"auto\" data-srcset=\"https:\/\/guineechrono.com\/wp-content\/uploads\/2023\/09\/afro.jpg 803w, https:\/\/guineechrono.com\/wp-content\/uploads\/2023\/09\/afro-223x300.jpg 223w, https:\/\/guineechrono.com\/wp-content\/uploads\/2023\/09\/afro-761x1024.jpg 761w, https:\/\/guineechrono.com\/wp-content\/uploads\/2023\/09\/afro-768x1033.jpg 768w, https:\/\/guineechrono.com\/wp-content\/uploads\/2023\/09\/afro-696x936.jpg 696w, https:\/\/guineechrono.com\/wp-content\/uploads\/2023\/09\/afro-312x420.jpg 312w\" data-expand=\"700\" \/><\/div><\/a><\/div><div class=\"ak-module-terms badge\"><a class=\"term-31\" href=\"https:\/\/guineechrono.com\/index.php\/category\/reportage\/\">REPORTAGE<\/a><\/div>\t\t\t\t<\/div>\n\t\t\t\t<div class=\"ak-module-details\">\n\t\t\t\t\t<h3 class=\"ak-module-title\"><a href=\"https:\/\/guineechrono.com\/index.php\/afro-hair-beauty-festival-les-couleurs-de-la-premiere-edition-annoncees\/\" rel=\"bookmark\" title=\"AFRO HAIR BEAUTY FESTIVAL : les couleurs de la premi\u00e8re \u00e9dition annonc\u00e9es\">AFRO HAIR BEAUTY FESTIVAL : les couleurs de la premi\u00e8re \u00e9dition annonc\u00e9es<\/a><\/h3><div class=\"ak-module-summary\"><p>Dans le cadre de l\u2019\u00e9dition 2023 de l\u2019exposition de vente des produits, la Structure Impact Event Et Fondation D\u2019impact&hellip;<\/p><\/div><div class=\"ak-module-meta\"><div class=\"ak-module-author\"><a href=\"https:\/\/guineechrono.com\/members\/diasaliou\/\"><img alt='La R\u00e9daction de Guineechrono' src='\/\/www.gravatar.com\/avatar\/bfec2f0e9f9d0d4a8b70d75c8be075bc?s=22&#038;r=g&#038;d=mm' srcset='\/\/www.gravatar.com\/avatar\/bfec2f0e9f9d0d4a8b70d75c8be075bc?s=22&#038;r=g&#038;d=mm 2x' class='avatar avatar-22 photo post-author-avatar' height='22' width='22' \/><\/a>by <a href=\"https:\/\/guineechrono.com\/members\/diasaliou\/\" class=\"ak-module-author-name\">La R\u00e9daction de Guineechrono<\/a><\/div><div class=\"ak-module-time\"><a href=\"https:\/\/guineechrono.com\/index.php\/afro-hair-beauty-festival-les-couleurs-de-la-premiere-edition-annoncees\/\" class=\"ak-module-meta-published\"><i class=\"ak-icon akfi-schedule\"><\/i>8 septembre 2023<\/a><\/div> <div class=\"ak-module-view-count\"><i class=\"ak-icon  fa fa-eye\"><\/i><span class=\"count\">5<\/span><\/div><\/div>\t\t\t\t<\/div>\n\t\t\t<\/div>\n\t\t<\/article>\n\t\t\t\t<article class=\"ak-module ak-module-1 clearfix post-30803 post type-post status-publish format-standard has-post-thumbnail  category-reportage\">\n\t\t\t<div class=\"ak-module-inner clearfix\">\n\t\t\t\t<div class=\"ak-module-featured\">\n\t\t\t\t\t<div class=\"ak-module-badges\"><\/div><div class=\"ak-featured-cover\"><a href=\"https:\/\/guineechrono.com\/index.php\/awards-du-digital-en-guinee-important-communique-du-comite-dorganisation\/\" class=\"ak-featured-link\" rel=\"bookmark\" title=\"AWARDS DU DIGITAL EN GUINEE: important communiqu\u00e9 du comit\u00e9 d\u2019organisation\"><div class=\"ak-featured-thumb lazy-thumb size-715\" ><img loading=\"lazy\" decoding=\"async\" width=\"350\" height=\"175\" src=\"data:image\/gif;base64,R0lGODlhAQABAAAAACH5BAEKAAEALAAAAAABAAEAAAICTAEAOw==\" class=\"attachment-newsy_350x250 size-newsy_350x250 lazyload wp-post-image\" alt=\"AWARDS DU DIGITAL EN GUINEE: important communiqu\u00e9 du comit\u00e9 d\u2019organisation\" data-src=\"https:\/\/guineechrono.com\/wp-content\/uploads\/2023\/06\/eet.jpeg\" data-sizes=\"auto\" data-srcset=\"https:\/\/guineechrono.com\/wp-content\/uploads\/2023\/06\/eet.jpeg 750w, https:\/\/guineechrono.com\/wp-content\/uploads\/2023\/06\/eet-300x150.jpeg 300w, https:\/\/guineechrono.com\/wp-content\/uploads\/2023\/06\/eet-696x348.jpeg 696w\" data-expand=\"700\" \/><\/div><\/a><\/div><div class=\"ak-module-terms badge\"><a class=\"term-31\" href=\"https:\/\/guineechrono.com\/index.php\/category\/reportage\/\">REPORTAGE<\/a><\/div>\t\t\t\t<\/div>\n\t\t\t\t<div class=\"ak-module-details\">\n\t\t\t\t\t<h3 class=\"ak-module-title\"><a href=\"https:\/\/guineechrono.com\/index.php\/awards-du-digital-en-guinee-important-communique-du-comite-dorganisation\/\" rel=\"bookmark\" title=\"AWARDS DU DIGITAL EN GUINEE: important communiqu\u00e9 du comit\u00e9 d\u2019organisation\">AWARDS DU DIGITAL EN GUINEE: important communiqu\u00e9 du comit\u00e9 d\u2019organisation<\/a><\/h3><div class=\"ak-module-summary\"><p>COMMUNIQUE DANS LE CADRE DE L\u2019ORGANISATION DES AWARDS DU DIGITAL EN GUINEE. En commun accord avec le cabinet CONSILIUM&hellip;<\/p><\/div><div class=\"ak-module-meta\"><div class=\"ak-module-author\"><a href=\"https:\/\/guineechrono.com\/members\/diasaliou\/\"><img alt='La R\u00e9daction de Guineechrono' src='\/\/www.gravatar.com\/avatar\/bfec2f0e9f9d0d4a8b70d75c8be075bc?s=22&#038;r=g&#038;d=mm' srcset='\/\/www.gravatar.com\/avatar\/bfec2f0e9f9d0d4a8b70d75c8be075bc?s=22&#038;r=g&#038;d=mm 2x' class='avatar avatar-22 photo post-author-avatar' height='22' width='22' \/><\/a>by <a href=\"https:\/\/guineechrono.com\/members\/diasaliou\/\" class=\"ak-module-author-name\">La R\u00e9daction de Guineechrono<\/a><\/div><div class=\"ak-module-time\"><a href=\"https:\/\/guineechrono.com\/index.php\/awards-du-digital-en-guinee-important-communique-du-comite-dorganisation\/\" class=\"ak-module-meta-published\"><i class=\"ak-icon akfi-schedule\"><\/i>9 juin 2023<\/a><\/div> <div class=\"ak-module-view-count\"><i class=\"ak-icon  fa fa-eye\"><\/i><span class=\"count\">9<\/span><\/div><\/div>\t\t\t\t<\/div>\n\t\t\t<\/div>\n\t\t<\/article>\n\t\t\t\t<article class=\"ak-module ak-module-1 clearfix post-30797 post type-post status-publish format-standard has-post-thumbnail  category-reportage\">\n\t\t\t<div class=\"ak-module-inner clearfix\">\n\t\t\t\t<div class=\"ak-module-featured\">\n\t\t\t\t\t<div class=\"ak-module-badges\"><\/div><div class=\"ak-featured-cover\"><a href=\"https:\/\/guineechrono.com\/index.php\/communique-presse-n02-du-sifimbank-salon-international-de-la-finance-de-la-monetique-des-banques-des-microfinances-et-de-lassurance-de-guinee\/\" class=\"ak-featured-link\" rel=\"bookmark\" title=\"COMMUNIQUE PRESSE N02 DU SIFIMBANK (Salon International de la Finance, de la Mon\u00e9tique, des Banques, des Microfinances et de l\u2019Assurance de Guin\u00e9e)\"><div class=\"ak-featured-thumb lazy-thumb size-715\" ><img loading=\"lazy\" decoding=\"async\" width=\"350\" height=\"175\" src=\"data:image\/gif;base64,R0lGODlhAQABAAAAACH5BAEKAAEALAAAAAABAAEAAAICTAEAOw==\" class=\"attachment-newsy_350x250 size-newsy_350x250 lazyload wp-post-image\" alt=\"COMMUNIQUE PRESSE N02 DU SIFIMBANK (Salon International de la Finance, de la Mon\u00e9tique, des Banques, des Microfinances et de l\u2019Assurance de Guin\u00e9e)\" data-src=\"https:\/\/guineechrono.com\/wp-content\/uploads\/2023\/06\/sallon.jpeg\" data-sizes=\"auto\" data-srcset=\"https:\/\/guineechrono.com\/wp-content\/uploads\/2023\/06\/sallon.jpeg 750w, https:\/\/guineechrono.com\/wp-content\/uploads\/2023\/06\/sallon-300x150.jpeg 300w, https:\/\/guineechrono.com\/wp-content\/uploads\/2023\/06\/sallon-696x348.jpeg 696w\" data-expand=\"700\" \/><\/div><\/a><\/div><div class=\"ak-module-terms badge\"><a class=\"term-31\" href=\"https:\/\/guineechrono.com\/index.php\/category\/reportage\/\">REPORTAGE<\/a><\/div>\t\t\t\t<\/div>\n\t\t\t\t<div class=\"ak-module-details\">\n\t\t\t\t\t<h3 class=\"ak-module-title\"><a href=\"https:\/\/guineechrono.com\/index.php\/communique-presse-n02-du-sifimbank-salon-international-de-la-finance-de-la-monetique-des-banques-des-microfinances-et-de-lassurance-de-guinee\/\" rel=\"bookmark\" title=\"COMMUNIQUE PRESSE N02 DU SIFIMBANK (Salon International de la Finance, de la Mon\u00e9tique, des Banques, des Microfinances et de l\u2019Assurance de Guin\u00e9e)\">COMMUNIQUE PRESSE N02 DU SIFIMBANK (Salon International de la Finance, de la&hellip;<\/a><\/h3><div class=\"ak-module-summary\"><p>Dans l\u2019objectif de r\u00e9ussir la mobilisation de cinq mille (5.000) visiteurs pendant deux jours au niveau des Stands de&hellip;<\/p><\/div><div class=\"ak-module-meta\"><div class=\"ak-module-author\"><a href=\"https:\/\/guineechrono.com\/members\/diasaliou\/\"><img alt='La R\u00e9daction de Guineechrono' src='\/\/www.gravatar.com\/avatar\/bfec2f0e9f9d0d4a8b70d75c8be075bc?s=22&#038;r=g&#038;d=mm' srcset='\/\/www.gravatar.com\/avatar\/bfec2f0e9f9d0d4a8b70d75c8be075bc?s=22&#038;r=g&#038;d=mm 2x' class='avatar avatar-22 photo post-author-avatar' height='22' width='22' \/><\/a>by <a href=\"https:\/\/guineechrono.com\/members\/diasaliou\/\" class=\"ak-module-author-name\">La R\u00e9daction de Guineechrono<\/a><\/div><div class=\"ak-module-time\"><a href=\"https:\/\/guineechrono.com\/index.php\/communique-presse-n02-du-sifimbank-salon-international-de-la-finance-de-la-monetique-des-banques-des-microfinances-et-de-lassurance-de-guinee\/\" class=\"ak-module-meta-published\"><i class=\"ak-icon akfi-schedule\"><\/i>8 juin 2023<\/a><\/div> <div class=\"ak-module-view-count\"><i class=\"ak-icon  fa fa-eye\"><\/i><span class=\"count\">8<\/span><\/div><\/div>\t\t\t\t<\/div>\n\t\t\t<\/div>\n\t\t<\/article>\n\t\t<\/div><\/div><\/div>\t\t\t\t<\/div>\n\t\t\t\t<\/div>\n\t\t\t\t<div class=\"elementor-element elementor-element-4f6d635 elementor-widget elementor-widget-newsy_list_3\" data-id=\"4f6d635\" data-element_type=\"widget\" data-widget_type=\"newsy_list_3.default\">\n\t\t\t\t<div class=\"elementor-widget-container\">\n\t\t\t\t\t<div class=\"ak-block ak-block-list-3 ak-block-column  ak-block-width-1 clearfix\" id=\"block_69f0ab5d3ce18_17\"><style scoped>#block_69f0ab5d3ce18_17 .ak-block-header {--ak-block-header-bg-color:#E70000;}<\/style><div class=\"ak-block-header ak-block-header-style-10 no-tabs\"><h4 class=\"ak-block-title\"><span class=\"title-text\"><span>Video<\/span><\/span><\/h4><\/div><div class=\"ak-block-inner clearfix\"><div class=\"ak-block-posts clearfix\">\t\t<article class=\"ak-module ak-module-3 ak-column-module clearfix post-24832 post type-post status-publish format-standard has-post-thumbnail  category-culture category-featured category-news category-video\">\n\t\t\t<div class=\"ak-module-inner clearfix\">\n\t\t\t\t<div class=\"ak-module-grid-wrap\">\n\t\t\t\t\t<div class=\"ak-module-featured\">\n\t\t\t\t\t\t<div class=\"ak-module-badges\"><\/div><div class=\"ak-featured-cover\"><a href=\"https:\/\/guineechrono.com\/index.php\/le-tout-premier-clip-de-mbalou-oulen-kamissoko-est-enfin-disponible\/\" class=\"ak-featured-link\" rel=\"bookmark\" title=\"Le tout premier clip de M&rsquo;balou Oulen Kamissoko est enfin disponible\"><div class=\"ak-featured-thumb lazy-thumb size-715\" ><img loading=\"lazy\" decoding=\"async\" width=\"350\" height=\"197\" src=\"data:image\/gif;base64,R0lGODlhAQABAAAAACH5BAEKAAEALAAAAAABAAEAAAICTAEAOw==\" class=\"attachment-newsy_350x250 size-newsy_350x250 lazyload wp-post-image\" alt=\"Le tout premier clip de M&rsquo;balou Oulen Kamissoko est enfin disponible\" data-src=\"https:\/\/guineechrono.com\/wp-content\/uploads\/2021\/07\/maxresdefault.jpg\" data-sizes=\"auto\" data-srcset=\"https:\/\/guineechrono.com\/wp-content\/uploads\/2021\/07\/maxresdefault.jpg 1280w, https:\/\/guineechrono.com\/wp-content\/uploads\/2021\/07\/maxresdefault-300x169.jpg 300w, https:\/\/guineechrono.com\/wp-content\/uploads\/2021\/07\/maxresdefault-1024x576.jpg 1024w, https:\/\/guineechrono.com\/wp-content\/uploads\/2021\/07\/maxresdefault-768x432.jpg 768w, https:\/\/guineechrono.com\/wp-content\/uploads\/2021\/07\/maxresdefault-696x392.jpg 696w, https:\/\/guineechrono.com\/wp-content\/uploads\/2021\/07\/maxresdefault-1068x601.jpg 1068w, https:\/\/guineechrono.com\/wp-content\/uploads\/2021\/07\/maxresdefault-747x420.jpg 747w\" data-expand=\"700\" \/><\/div><\/a><\/div>\t\t\t\t\t<\/div>\n\t\t\t\t\t<div class=\"ak-module-details\">\n\t\t\t\t\t\t<h3 class=\"ak-module-title\"><a href=\"https:\/\/guineechrono.com\/index.php\/le-tout-premier-clip-de-mbalou-oulen-kamissoko-est-enfin-disponible\/\" rel=\"bookmark\" title=\"Le tout premier clip de M&rsquo;balou Oulen Kamissoko est enfin disponible\">Le tout premier clip de M&rsquo;balou Oulen Kamissoko est enfin disponible<\/a><\/h3><div class=\"ak-module-meta\"><div class=\"ak-module-time\"><a href=\"https:\/\/guineechrono.com\/index.php\/le-tout-premier-clip-de-mbalou-oulen-kamissoko-est-enfin-disponible\/\" class=\"ak-module-meta-published\"><i class=\"ak-icon akfi-schedule\"><\/i>17 juillet 2021<\/a><\/div> <div class=\"ak-module-view-count\"><i class=\"ak-icon  fa fa-eye\"><\/i><span class=\"count\">11<\/span><\/div><\/div>\t\t\t\t\t<\/div>\n\t\t\t\t<\/div>\n\t\t\t<\/div>\n\t\t<\/article>\n\t\t\t\t<article class=\"ak-module ak-module-3 ak-column-module clearfix post-16807 post type-post status-publish format-video has-post-thumbnail  category-non-classe category-video post_format-post-format-video\">\n\t\t\t<div class=\"ak-module-inner clearfix\">\n\t\t\t\t<div class=\"ak-module-grid-wrap\">\n\t\t\t\t\t<div class=\"ak-module-featured\">\n\t\t\t\t\t\t<div class=\"ak-module-badges\"><\/div><span class=\"ak-module-format-icon format-video\"><i class=\"ak-icon fa fa-play\"><\/i><\/span><div class=\"ak-featured-cover\"><a href=\"https:\/\/guineechrono.com\/index.php\/coronavirus-deces-du-saxophoniste-manu-dibango\/\" class=\"ak-featured-link\" rel=\"bookmark\" title=\"Coronavirus : d\u00e9c\u00e8s du saxophoniste Manu Dibango\"><div class=\"ak-featured-thumb lazy-thumb size-715\" ><img loading=\"lazy\" decoding=\"async\" width=\"350\" height=\"197\" src=\"data:image\/gif;base64,R0lGODlhAQABAAAAACH5BAEKAAEALAAAAAABAAEAAAICTAEAOw==\" class=\"attachment-newsy_350x250 size-newsy_350x250 lazyload wp-post-image\" alt=\"Coronavirus : d\u00e9c\u00e8s du saxophoniste Manu Dibango\" data-src=\"https:\/\/guineechrono.com\/wp-content\/uploads\/2020\/03\/mano.jpg\" data-sizes=\"auto\" data-srcset=\"https:\/\/guineechrono.com\/wp-content\/uploads\/2020\/03\/mano.jpg 660w, https:\/\/guineechrono.com\/wp-content\/uploads\/2020\/03\/mano-300x169.jpg 300w\" data-expand=\"700\" \/><\/div><\/a><\/div>\t\t\t\t\t<\/div>\n\t\t\t\t\t<div class=\"ak-module-details\">\n\t\t\t\t\t\t<h3 class=\"ak-module-title\"><a href=\"https:\/\/guineechrono.com\/index.php\/coronavirus-deces-du-saxophoniste-manu-dibango\/\" rel=\"bookmark\" title=\"Coronavirus : d\u00e9c\u00e8s du saxophoniste Manu Dibango\">Coronavirus : d\u00e9c\u00e8s du saxophoniste Manu Dibango<\/a><\/h3><div class=\"ak-module-meta\"><div class=\"ak-module-time\"><a href=\"https:\/\/guineechrono.com\/index.php\/coronavirus-deces-du-saxophoniste-manu-dibango\/\" class=\"ak-module-meta-published\"><i class=\"ak-icon akfi-schedule\"><\/i>24 mars 2020<\/a><\/div> <div class=\"ak-module-view-count\"><i class=\"ak-icon  fa fa-eye\"><\/i><span class=\"count\">11<\/span><\/div><\/div>\t\t\t\t\t<\/div>\n\t\t\t\t<\/div>\n\t\t\t<\/div>\n\t\t<\/article>\n\t\t\t\t<article class=\"ak-module ak-module-3 ak-column-module clearfix post-16802 post type-post status-publish format-video has-post-thumbnail  category-non-classe category-video post_format-post-format-video\">\n\t\t\t<div class=\"ak-module-inner clearfix\">\n\t\t\t\t<div class=\"ak-module-grid-wrap\">\n\t\t\t\t\t<div class=\"ak-module-featured\">\n\t\t\t\t\t\t<div class=\"ak-module-badges\"><\/div><span class=\"ak-module-format-icon format-video\"><i class=\"ak-icon fa fa-play\"><\/i><\/span><div class=\"ak-featured-cover\"><a href=\"https:\/\/guineechrono.com\/index.php\/double-scrutin-voici-la-declaration-preliminaire-du-reseau-ouest-africain-pour-ledification-de-la-paix-wanep\/\" class=\"ak-featured-link\" rel=\"bookmark\" title=\"Double scrutin : voici la d\u00e9claration pr\u00e9liminaire du  R\u00e9seau Ouest-africain pour l\u2019\u00c9dification de la Paix (WANEP)\"><div class=\"ak-featured-thumb lazy-thumb size-715\" ><img loading=\"lazy\" decoding=\"async\" width=\"350\" height=\"197\" src=\"data:image\/gif;base64,R0lGODlhAQABAAAAACH5BAEKAAEALAAAAAABAAEAAAICTAEAOw==\" class=\"attachment-newsy_350x250 size-newsy_350x250 lazyload wp-post-image\" alt=\"Double scrutin : voici la d\u00e9claration pr\u00e9liminaire du  R\u00e9seau Ouest-africain pour l\u2019\u00c9dification de la Paix (WANEP)\" data-src=\"https:\/\/guineechrono.com\/wp-content\/uploads\/2020\/03\/veilles.jpg\" data-sizes=\"auto\" data-srcset=\"https:\/\/guineechrono.com\/wp-content\/uploads\/2020\/03\/veilles.jpg 2048w, https:\/\/guineechrono.com\/wp-content\/uploads\/2020\/03\/veilles-300x169.jpg 300w, https:\/\/guineechrono.com\/wp-content\/uploads\/2020\/03\/veilles-768x432.jpg 768w, https:\/\/guineechrono.com\/wp-content\/uploads\/2020\/03\/veilles-1024x576.jpg 1024w, https:\/\/guineechrono.com\/wp-content\/uploads\/2020\/03\/veilles-696x392.jpg 696w, https:\/\/guineechrono.com\/wp-content\/uploads\/2020\/03\/veilles-1068x601.jpg 1068w, https:\/\/guineechrono.com\/wp-content\/uploads\/2020\/03\/veilles-747x420.jpg 747w\" data-expand=\"700\" \/><\/div><\/a><\/div>\t\t\t\t\t<\/div>\n\t\t\t\t\t<div class=\"ak-module-details\">\n\t\t\t\t\t\t<h3 class=\"ak-module-title\"><a href=\"https:\/\/guineechrono.com\/index.php\/double-scrutin-voici-la-declaration-preliminaire-du-reseau-ouest-africain-pour-ledification-de-la-paix-wanep\/\" rel=\"bookmark\" title=\"Double scrutin : voici la d\u00e9claration pr\u00e9liminaire du  R\u00e9seau Ouest-africain pour l\u2019\u00c9dification de la Paix (WANEP)\">Double scrutin : voici la d\u00e9claration pr\u00e9liminaire du  R\u00e9seau Ouest-africain pour l\u2019\u00c9dification de la Paix (WANEP)<\/a><\/h3><div class=\"ak-module-meta\"><div class=\"ak-module-time\"><a href=\"https:\/\/guineechrono.com\/index.php\/double-scrutin-voici-la-declaration-preliminaire-du-reseau-ouest-africain-pour-ledification-de-la-paix-wanep\/\" class=\"ak-module-meta-published\"><i class=\"ak-icon akfi-schedule\"><\/i>24 mars 2020<\/a><\/div> <div class=\"ak-module-view-count\"><i class=\"ak-icon  fa fa-eye\"><\/i><span class=\"count\">9<\/span><\/div><\/div>\t\t\t\t\t<\/div>\n\t\t\t\t<\/div>\n\t\t\t<\/div>\n\t\t<\/article>\n\t\t<\/div><\/div><\/div>\t\t\t\t<\/div>\n\t\t\t\t<\/div>\n\t\t\t\t\t<\/div>\n\t\t<\/div>\n\t\t\t\t\t<\/div>\n\t\t<\/section>\n\t\t\t\t<\/div>\n\t\t","protected":false},"excerpt":{"rendered":"<p>Edit NEWS Guin\u00e9e : la Jeunesse pr\u00e9sidentielle salue la&hellip; 4 novembre 2025 Edit NEWS Un milliard pour la R\u00e9publique : la jeunesse&hellip; 3 novembre 2025 Edit NEWS Cour supr\u00eame : Le g\u00e9n\u00e9ral Mamadi Doumbouya d\u00e9pose&hellip; 3 novembre 2025 Edit CULTURE Lengu\u00e9 d\u2019or 2025 : la soci\u00e9t\u00e9 mini\u00e8re AGB2A-GIC d\u2019Ahmed&hellip; 3 novembre 2025 10 Derni\u00e8res minutes [&hellip;]<\/p>\n","protected":false},"author":3,"featured_media":0,"parent":0,"menu_order":0,"comment_status":"closed","ping_status":"closed","template":"page-builder.php","meta":{"footnotes":""},"class_list":["post-38298","page","type-page","status-publish","hentry"],"amp_enabled":false,"_links":{"self":[{"href":"https:\/\/guineechrono.com\/index.php\/wp-json\/wp\/v2\/pages\/38298","targetHints":{"allow":["GET"]}}],"collection":[{"href":"https:\/\/guineechrono.com\/index.php\/wp-json\/wp\/v2\/pages"}],"about":[{"href":"https:\/\/guineechrono.com\/index.php\/wp-json\/wp\/v2\/types\/page"}],"author":[{"embeddable":true,"href":"https:\/\/guineechrono.com\/index.php\/wp-json\/wp\/v2\/users\/3"}],"replies":[{"embeddable":true,"href":"https:\/\/guineechrono.com\/index.php\/wp-json\/wp\/v2\/comments?post=38298"}],"version-history":[{"count":79,"href":"https:\/\/guineechrono.com\/index.php\/wp-json\/wp\/v2\/pages\/38298\/revisions"}],"predecessor-version":[{"id":38444,"href":"https:\/\/guineechrono.com\/index.php\/wp-json\/wp\/v2\/pages\/38298\/revisions\/38444"}],"wp:attachment":[{"href":"https:\/\/guineechrono.com\/index.php\/wp-json\/wp\/v2\/media?parent=38298"}],"curies":[{"name":"wp","href":"https:\/\/api.w.org\/{rel}","templated":true}]}}